{"id":47529,"date":"2025-05-01T09:14:51","date_gmt":"2025-05-01T07:14:51","guid":{"rendered":"https:\/\/agencebidault.immo\/?post_type=property&#038;p=47529"},"modified":"2025-10-06T12:34:16","modified_gmt":"2025-10-06T10:34:16","slug":"2482-appartement-4-5-pieces-avec-terrasse","status":"publish","type":"property","link":"https:\/\/agencebidault.immo\/?property=2482-appartement-4-5-pieces-avec-terrasse","title":{"rendered":"Appartement 4\/5 Pi\u00e8ces avec Terrasse"},"content":{"rendered":"<p><strong>VENDU en Octobre 2025 &#8211; L\u2019Agence Bidault Immobilier<\/strong>\u00a0vous pr\u00e9sente\u00a0<strong>un\u00a0<\/strong><strong>appartement 4\/5 pi\u00e8ces<\/strong> <strong>avec TERRASSE et JARDIN<\/strong> situ\u00e9 au coeur de la <strong>R\u00e9sidence \u00c9lys\u00e9e II<\/strong>\u00a0\u00e0 La Celle-Saint-Cloud.\u00a0<strong>Appartement au calme\u00a0<\/strong>situ\u00e9 au rez-de-chauss\u00e9e (0\/6 avec ascenseur)<b>\u00a0<\/b>de <strong>88,70m2 lumineux<\/strong>\u00a0avec son S\u00e9jour \/ Salle \u00e0 Manger orient\u00e9\u00a0<strong>SUD-OUEST<\/strong>. Il comprend : une grande entr\u00e9e (9m2) avec ses grands rangements, <strong>un beau s\u00e9jour d&#8217;environ <\/strong>25m2 donnant sur sa TERRASSE et jardin (SO), une cuisine s\u00e9par\u00e9e \u00e9quip\u00e9e (possibilit\u00e9 d&#8217;ouverture int\u00e9grale), 3 chambres lumineuses dont une parentale avec salle d\u2019eau (3 chambres avec acc\u00e8s direct terrasse &amp; jardin), une salle de bain, 1 wc s\u00e9par\u00e9. Une <strong>CAVE<\/strong> (dans le m\u00eame b\u00e2timent) et un <strong>PARKING ext\u00e9rieur \u00e0 proximit\u00e9 <\/strong>viennent compl\u00e9ter ce bien. <strong>Huisseries double vitrage et volets \u00e9lectriques dans tout l&#8217;appartement.<\/strong> Facilit\u00e9s d\u2019acc\u00e8s A86. Arr\u00eat de bus devant la r\u00e9sidence. \u00c9coles, commerces, bus (direct ligne L ou RER A) \u00e0 2 minutes. Copropri\u00e9t\u00e9 de 4119 lots (dont 1481 lots \u00e0 usage d\u2019habitation). Pas de proc\u00e9dures en cours. Les charges annuelles sont de 6300\u20ac. Les charges comprennent l\u2019eau froide, l\u2019eau chaude, le gaz, le chauffage, l\u2019entretien de l\u2019immeuble (Fonds Travaux Loi Alur et Gros Travaux), les espaces verts, le gardien 24\/24, l\u2019usage de la piscine, la s\u00e9curit\u00e9. Les informations sur les risques auxquels ce bien est expos\u00e9 sont disponibles sur le site G\u00e9orisques : www.georisques.gouv.fr. Pour plus d\u2019informations et organiser une visite, contactez-nous ! <strong><em>Vos Projets ont une Adresse\u2026<\/em><\/strong><\/p>\n<p><em><strong>Agence Bidault Immobilier<\/strong>\u00a0<\/em>\u2013 40 R\u00e9sidence Elys\u00e9e II \u2013 78170 La Celle-Saint-Cloud<\/p>\n<p>Appartement 4\/5 Pi\u00e8ces avec Terrasse \u2013 <strong>R\u00e9f\u00e9rence Annonce: 2482<\/strong><\/p>\n<hr \/>\n<p><strong>Prix : 430.000\u20ac <\/strong>(Honoraires \u00e0 la charge du vendeur)<\/p>\n<hr \/>\n<h5>Bilans Energ\u00e9tiques<\/h5>\n<p>Date de r\u00e9alisation des Diagnostics : 03.03.2025<\/p>\n<p><img fetchpriority=\"high\" decoding=\"async\" class=\"alignnone wp-image-47543\" src=\"https:\/\/agencebidault.immo\/wp-content\/uploads\/2025\/03\/DPE.jpg\" alt=\"\" width=\"703\" height=\"332\" srcset=\"https:\/\/agencebidault.immo\/wp-content\/uploads\/2025\/03\/DPE.jpg 2194w, https:\/\/agencebidault.immo\/wp-content\/uploads\/2025\/03\/DPE-300x142.jpg 300w, https:\/\/agencebidault.immo\/wp-content\/uploads\/2025\/03\/DPE-1024x484.jpg 1024w, https:\/\/agencebidault.immo\/wp-content\/uploads\/2025\/03\/DPE-768x363.jpg 768w, https:\/\/agencebidault.immo\/wp-content\/uploads\/2025\/03\/DPE-1536x725.jpg 1536w, https:\/\/agencebidault.immo\/wp-content\/uploads\/2025\/03\/DPE-2048x967.jpg 2048w, https:\/\/agencebidault.immo\/wp-content\/uploads\/2025\/03\/DPE-150x71.jpg 150w\" sizes=\"(max-width: 703px) 100vw, 703px\" \/><\/p>\n<p><img decoding=\"async\" class=\"alignnone wp-image-47544\" src=\"https:\/\/agencebidault.immo\/wp-content\/uploads\/2025\/03\/EST.jpg\" alt=\"\" width=\"689\" height=\"139\" srcset=\"https:\/\/agencebidault.immo\/wp-content\/uploads\/2025\/03\/EST.jpg 2198w, https:\/\/agencebidault.immo\/wp-content\/uploads\/2025\/03\/EST-300x61.jpg 300w, https:\/\/agencebidault.immo\/wp-content\/uploads\/2025\/03\/EST-1024x207.jpg 1024w, https:\/\/agencebidault.immo\/wp-content\/uploads\/2025\/03\/EST-768x155.jpg 768w, https:\/\/agencebidault.immo\/wp-content\/uploads\/2025\/03\/EST-1536x310.jpg 1536w, https:\/\/agencebidault.immo\/wp-content\/uploads\/2025\/03\/EST-2048x414.jpg 2048w, https:\/\/agencebidault.immo\/wp-content\/uploads\/2025\/03\/EST-150x30.jpg 150w\" sizes=\"(max-width: 689px) 100vw, 689px\" \/><\/p>\n","protected":false},"excerpt":{"rendered":"<p>VENDU en Octobre 2025 &#8211; L\u2019Agence Bidault Immobilier\u00a0vous pr\u00e9sente\u00a0un\u00a0appartement 4\/5 pi\u00e8ces avec TERRASSE et JARDIN situ\u00e9 au coeur de la R\u00e9sidence \u00c9lys\u00e9e II\u00a0\u00e0 La Celle-Saint-Cloud.\u00a0Appartement au calme\u00a0situ\u00e9 au rez-de-chauss\u00e9e (0\/6 avec ascenseur)\u00a0de 88,70m2 lumineux\u00a0avec son S\u00e9jour \/ Salle \u00e0 Manger orient\u00e9\u00a0SUD-OUEST. Il comprend : une grande entr\u00e9e (9m2) avec ses grands rangements, un beau s\u00e9jour&#8230;<\/p>\n","protected":false},"author":1,"featured_media":49514,"parent":0,"menu_order":0,"comment_status":"closed","ping_status":"closed","template":"","caract\u00e9ristiques-bien":[],"types-bien":[56],"villes-bien":[],"statuts-bien":[73],"class_list":["post-47529","property","type-property","status-publish","has-post-thumbnail","hentry","property-type-appartement","property-status-vendu"],"property_meta":{"REAL_HOMES_property_price":"430000","REAL_HOMES_property_old_price":"","REAL_HOMES_property_price_prefix":"","REAL_HOMES_property_price_postfix":"","REAL_HOMES_property_size":"89","REAL_HOMES_property_size_postfix":"m2","REAL_HOMES_property_lot_size":"","REAL_HOMES_property_lot_size_postfix":"","REAL_HOMES_property_bedrooms":"3","REAL_HOMES_property_bathrooms":"2","REAL_HOMES_property_garage":"1","REAL_HOMES_property_id":"2482","REAL_HOMES_property_year_built":"1965","REAL_HOMES_featured":"0","REAL_HOMES_additional_details_list":[["Ville","La Celle-Saint-Cloud"],["Code Postal","78170"],["R\u00e9sidence","Elys\u00e9e 2"],["Secteur","La Jonch\u00e8re - Sablons"],["Nombre de pi\u00e8ces","4\/5 Pi\u00e8ces"],["Nombre de chambres","3"],["Ascenseur","Oui"],["Superficie S\u00e9jour \/ Salle \u00e0 manger","25m2"],["Entr\u00e9e avec rangements","9m2"],["Nombre de salle d'eau","1"],["Nombre de salle d'eau","1"],["Type Cuisine","S\u00e9par\u00e9e - Equip\u00e9e (possibilit\u00e9 d'ouverture)"],["Type Chauffage","Collectif - Gaz - Sol & Plafond"],["Terrasse","Oui"],["Date de r\u00e9alisation des Diagnostics","03.03.2025"],["Bien soumis \u00e0 un diagnostic ERP","Oui"],["Bien en copropri\u00e9t\u00e9","Oui"],["Charges Annuelles","6300\u20ac"],["Piscine","Oui"],["Tennis","Oui - Municipaux"],["Proc\u00e9dures en cours","Non"],["Ann\u00e9e de construction","1965"],["Etat G\u00e9n\u00e9ral","Bon Etat G\u00e9n\u00e9ral"]],"REAL_HOMES_property_location":{"latitude":"48.8620186","longitude":"2.1493858353181","zoom":"0"},"REAL_HOMES_property_address":"R\u00e9sidence \u00c9lys\u00e9e 2, La Celle-Saint-Cloud, Versailles, Yvelines, France m\u00e9tropolitaine, 78170, France","REAL_HOMES_property_map":"0","REAL_HOMES_property_images":[{"width":150,"height":150,"file":"2025\/05\/BEAUVEND.jpg","filesize":1302232,"sizes":{"medium":{"file":"BEAUVEND-300x225.jpg","width":300,"height":225,"mime-type":"image\/jpeg","filesize":37282,"url":"https:\/\/agencebidault.immo\/wp-content\/uploads\/2025\/05\/BEAUVEND-300x225.jpg"},"large":{"file":"BEAUVEND-1024x768.jpg","width":1024,"height":768,"mime-type":"image\/jpeg","filesize":230864,"url":"https:\/\/agencebidault.immo\/wp-content\/uploads\/2025\/05\/BEAUVEND-1024x768.jpg"},"thumbnail":{"file":"BEAUVEND-150x150.jpg","width":150,"height":150,"mime-type":"image\/jpeg","filesize":22708,"url":"https:\/\/agencebidault.immo\/wp-content\/uploads\/2025\/05\/BEAUVEND-150x150.jpg"},"medium_large":{"file":"BEAUVEND-768x576.jpg","width":768,"height":576,"mime-type":"image\/jpeg","filesize":143041,"url":"https:\/\/agencebidault.immo\/wp-content\/uploads\/2025\/05\/BEAUVEND-768x576.jpg"},"1536x1536":{"file":"BEAUVEND-1536x1152.jpg","width":1536,"height":1152,"mime-type":"image\/jpeg","filesize":479012,"url":"https:\/\/agencebidault.immo\/wp-content\/uploads\/2025\/05\/BEAUVEND-1536x1152.jpg"},"post-thumbnail":{"file":"BEAUVEND-150x113.jpg","width":150,"height":113,"mime-type":"image\/jpeg","filesize":20753,"url":"https:\/\/agencebidault.immo\/wp-content\/uploads\/2025\/05\/BEAUVEND-150x113.jpg"},"modern-property-child-slider":{"file":"BEAUVEND-680x510.jpg","width":680,"height":510,"mime-type":"image\/jpeg","filesize":117760,"url":"https:\/\/agencebidault.immo\/wp-content\/uploads\/2025\/05\/BEAUVEND-680x510.jpg"},"property-thumb-image":{"file":"BEAUVEND-488x326.jpg","width":488,"height":326,"mime-type":"image\/jpeg","filesize":64951,"url":"https:\/\/agencebidault.immo\/wp-content\/uploads\/2025\/05\/BEAUVEND-488x326.jpg"},"property-detail-video-image":{"file":"BEAUVEND-818x417.jpg","width":818,"height":417,"mime-type":"image\/jpeg","filesize":111656,"url":"https:\/\/agencebidault.immo\/wp-content\/uploads\/2025\/05\/BEAUVEND-818x417.jpg"},"agent-image":{"file":"BEAUVEND-210x210.jpg","width":210,"height":210,"mime-type":"image\/jpeg","filesize":30437,"url":"https:\/\/agencebidault.immo\/wp-content\/uploads\/2025\/05\/BEAUVEND-210x210.jpg"},"partners-logo":{"file":"BEAUVEND-600x1536.jpg","width":600,"height":1536,"mime-type":"image\/jpeg","filesize":279877,"url":"https:\/\/agencebidault.immo\/wp-content\/uploads\/2025\/05\/BEAUVEND-600x1536.jpg"},"gallery-two-column-image":{"file":"BEAUVEND-536x269.jpg","width":536,"height":269,"mime-type":"image\/jpeg","filesize":58630,"url":"https:\/\/agencebidault.immo\/wp-content\/uploads\/2025\/05\/BEAUVEND-536x269.jpg"},"property-detail-slider-image-two":{"file":"BEAUVEND-1170x648.jpg","width":1170,"height":648,"mime-type":"image\/jpeg","filesize":220159,"url":"https:\/\/agencebidault.immo\/wp-content\/uploads\/2025\/05\/BEAUVEND-1170x648.jpg"},"property-detail-slider-thumb":{"file":"BEAUVEND-82x60.jpg","width":82,"height":60,"mime-type":"image\/jpeg","filesize":16490,"url":"https:\/\/agencebidault.immo\/wp-content\/uploads\/2025\/05\/BEAUVEND-82x60.jpg"},"cmplz_banner_image":{"file":"BEAUVEND-350x100.jpg","width":350,"height":100,"mime-type":"image\/jpeg","filesize":26184,"url":"https:\/\/agencebidault.immo\/wp-content\/uploads\/2025\/05\/BEAUVEND-350x100.jpg"}},"image_meta":{"aperture":"2.2","credit":"","camera":"iPhone 15 Pro","caption":"","created_timestamp":"1740999079","copyright":"","focal_length":"2.2200000286119","iso":"40","shutter_speed":"0.0019960079840319","title":"","orientation":"1","keywords":[]},"ID":"49514","name":"BEAUVEND.jpg","path":"\/home\/clients\/7da1fd23fa98c5d23b5df002c9adcf11\/web\/wp-content\/uploads\/2025\/05\/BEAUVEND.jpg","url":"https:\/\/agencebidault.immo\/wp-content\/uploads\/2025\/05\/BEAUVEND-150x150.jpg","full_url":"https:\/\/agencebidault.immo\/wp-content\/uploads\/2025\/05\/BEAUVEND.jpg","title":"Immobilier R\u00e9sidence Elys\u00e9e 2 La Celle-Saint-Cloud","caption":"Immobilier R\u00e9sidence Elys\u00e9e 2 La Celle-Saint-Cloud","description":"Immobilier R\u00e9sidence Elys\u00e9e 2 La Celle-Saint-Cloud","alt":"Immobilier R\u00e9sidence Elys\u00e9e 2 La Celle-Saint-Cloud","srcset":"https:\/\/agencebidault.immo\/wp-content\/uploads\/2025\/05\/BEAUVEND-150x150.jpg 150w, https:\/\/agencebidault.immo\/wp-content\/uploads\/2025\/05\/BEAUVEND-210x210.jpg 210w"},{"width":150,"height":150,"file":"2025\/03\/P1.jpg","filesize":2908218,"sizes":{"medium":{"file":"P1-300x225.jpg","width":300,"height":225,"mime-type":"image\/jpeg","filesize":34921,"url":"https:\/\/agencebidault.immo\/wp-content\/uploads\/2025\/03\/P1-300x225.jpg"},"large":{"file":"P1-1024x768.jpg","width":1024,"height":768,"mime-type":"image\/jpeg","filesize":217658,"url":"https:\/\/agencebidault.immo\/wp-content\/uploads\/2025\/03\/P1-1024x768.jpg"},"thumbnail":{"file":"P1-150x150.jpg","width":150,"height":150,"mime-type":"image\/jpeg","filesize":21378,"url":"https:\/\/agencebidault.immo\/wp-content\/uploads\/2025\/03\/P1-150x150.jpg"},"medium_large":{"file":"P1-768x576.jpg","width":768,"height":576,"mime-type":"image\/jpeg","filesize":134133,"url":"https:\/\/agencebidault.immo\/wp-content\/uploads\/2025\/03\/P1-768x576.jpg"},"1536x1536":{"file":"P1-1536x1152.jpg","width":1536,"height":1152,"mime-type":"image\/jpeg","filesize":460706,"url":"https:\/\/agencebidault.immo\/wp-content\/uploads\/2025\/03\/P1-1536x1152.jpg"},"post-thumbnail":{"file":"P1-150x113.jpg","width":150,"height":113,"mime-type":"image\/jpeg","filesize":19445,"url":"https:\/\/agencebidault.immo\/wp-content\/uploads\/2025\/03\/P1-150x113.jpg"},"modern-property-child-slider":{"file":"P1-680x510.jpg","width":680,"height":510,"mime-type":"image\/jpeg","filesize":110391,"url":"https:\/\/agencebidault.immo\/wp-content\/uploads\/2025\/03\/P1-680x510.jpg"},"property-thumb-image":{"file":"P1-488x326.jpg","width":488,"height":326,"mime-type":"image\/jpeg","filesize":59979,"url":"https:\/\/agencebidault.immo\/wp-content\/uploads\/2025\/03\/P1-488x326.jpg"},"property-detail-video-image":{"file":"P1-818x417.jpg","width":818,"height":417,"mime-type":"image\/jpeg","filesize":103395,"url":"https:\/\/agencebidault.immo\/wp-content\/uploads\/2025\/03\/P1-818x417.jpg"},"agent-image":{"file":"P1-210x210.jpg","width":210,"height":210,"mime-type":"image\/jpeg","filesize":28699,"url":"https:\/\/agencebidault.immo\/wp-content\/uploads\/2025\/03\/P1-210x210.jpg"},"partners-logo":{"file":"P1-600x1536.jpg","width":600,"height":1536,"mime-type":"image\/jpeg","filesize":297258,"url":"https:\/\/agencebidault.immo\/wp-content\/uploads\/2025\/03\/P1-600x1536.jpg"},"gallery-two-column-image":{"file":"P1-536x269.jpg","width":536,"height":269,"mime-type":"image\/jpeg","filesize":53850,"url":"https:\/\/agencebidault.immo\/wp-content\/uploads\/2025\/03\/P1-536x269.jpg"},"property-detail-slider-image-two":{"file":"P1-1170x648.jpg","width":1170,"height":648,"mime-type":"image\/jpeg","filesize":207391,"url":"https:\/\/agencebidault.immo\/wp-content\/uploads\/2025\/03\/P1-1170x648.jpg"},"property-detail-slider-thumb":{"file":"P1-82x60.jpg","width":82,"height":60,"mime-type":"image\/jpeg","filesize":15605,"url":"https:\/\/agencebidault.immo\/wp-content\/uploads\/2025\/03\/P1-82x60.jpg"},"cmplz_banner_image":{"file":"P1-350x100.jpg","width":350,"height":100,"mime-type":"image\/jpeg","filesize":24219,"url":"https:\/\/agencebidault.immo\/wp-content\/uploads\/2025\/03\/P1-350x100.jpg"}},"image_meta":{"aperture":"2.2","credit":"","camera":"iPhone 15 Pro","caption":"","created_timestamp":"1740999136","copyright":"","focal_length":"2.2200000286119","iso":"40","shutter_speed":"0.0014814814814815","title":"","orientation":"1","keywords":[]},"ID":"47545","name":"P1.jpg","path":"\/home\/clients\/7da1fd23fa98c5d23b5df002c9adcf11\/web\/wp-content\/uploads\/2025\/03\/P1.jpg","url":"https:\/\/agencebidault.immo\/wp-content\/uploads\/2025\/03\/P1-150x150.jpg","full_url":"https:\/\/agencebidault.immo\/wp-content\/uploads\/2025\/03\/P1.jpg","title":"Appartement 4\/5 Pi\u00e8ces avec Terrasse - R\u00e9sidence Elys\u00e9e 2","caption":"Appartement 4\/5 Pi\u00e8ces avec Terrasse - R\u00e9sidence Elys\u00e9e 2 ","description":"","alt":"","srcset":"https:\/\/agencebidault.immo\/wp-content\/uploads\/2025\/03\/P1-150x150.jpg 150w, https:\/\/agencebidault.immo\/wp-content\/uploads\/2025\/03\/P1-210x210.jpg 210w"},{"width":150,"height":150,"file":"2025\/03\/P5.jpg","filesize":2542841,"sizes":{"medium":{"file":"P5-300x225.jpg","width":300,"height":225,"mime-type":"image\/jpeg","filesize":25463,"url":"https:\/\/agencebidault.immo\/wp-content\/uploads\/2025\/03\/P5-300x225.jpg"},"large":{"file":"P5-1024x768.jpg","width":1024,"height":768,"mime-type":"image\/jpeg","filesize":154056,"url":"https:\/\/agencebidault.immo\/wp-content\/uploads\/2025\/03\/P5-1024x768.jpg"},"thumbnail":{"file":"P5-150x150.jpg","width":150,"height":150,"mime-type":"image\/jpeg","filesize":15970,"url":"https:\/\/agencebidault.immo\/wp-content\/uploads\/2025\/03\/P5-150x150.jpg"},"medium_large":{"file":"P5-768x576.jpg","width":768,"height":576,"mime-type":"image\/jpeg","filesize":92440,"url":"https:\/\/agencebidault.immo\/wp-content\/uploads\/2025\/03\/P5-768x576.jpg"},"1536x1536":{"file":"P5-1536x1152.jpg","width":1536,"height":1152,"mime-type":"image\/jpeg","filesize":347967,"url":"https:\/\/agencebidault.immo\/wp-content\/uploads\/2025\/03\/P5-1536x1152.jpg"},"post-thumbnail":{"file":"P5-150x113.jpg","width":150,"height":113,"mime-type":"image\/jpeg","filesize":15403,"url":"https:\/\/agencebidault.immo\/wp-content\/uploads\/2025\/03\/P5-150x113.jpg"},"modern-property-child-slider":{"file":"P5-680x510.jpg","width":680,"height":510,"mime-type":"image\/jpeg","filesize":75622,"url":"https:\/\/agencebidault.immo\/wp-content\/uploads\/2025\/03\/P5-680x510.jpg"},"property-thumb-image":{"file":"P5-488x326.jpg","width":488,"height":326,"mime-type":"image\/jpeg","filesize":42964,"url":"https:\/\/agencebidault.immo\/wp-content\/uploads\/2025\/03\/P5-488x326.jpg"},"property-detail-video-image":{"file":"P5-818x417.jpg","width":818,"height":417,"mime-type":"image\/jpeg","filesize":83191,"url":"https:\/\/agencebidault.immo\/wp-content\/uploads\/2025\/03\/P5-818x417.jpg"},"agent-image":{"file":"P5-210x210.jpg","width":210,"height":210,"mime-type":"image\/jpeg","filesize":20133,"url":"https:\/\/agencebidault.immo\/wp-content\/uploads\/2025\/03\/P5-210x210.jpg"},"partners-logo":{"file":"P5-600x1536.jpg","width":600,"height":1536,"mime-type":"image\/jpeg","filesize":171005,"url":"https:\/\/agencebidault.immo\/wp-content\/uploads\/2025\/03\/P5-600x1536.jpg"},"gallery-two-column-image":{"file":"P5-536x269.jpg","width":536,"height":269,"mime-type":"image\/jpeg","filesize":43322,"url":"https:\/\/agencebidault.immo\/wp-content\/uploads\/2025\/03\/P5-536x269.jpg"},"property-detail-slider-image-two":{"file":"P5-1170x648.jpg","width":1170,"height":648,"mime-type":"image\/jpeg","filesize":164552,"url":"https:\/\/agencebidault.immo\/wp-content\/uploads\/2025\/03\/P5-1170x648.jpg"},"property-detail-slider-thumb":{"file":"P5-82x60.jpg","width":82,"height":60,"mime-type":"image\/jpeg","filesize":12711,"url":"https:\/\/agencebidault.immo\/wp-content\/uploads\/2025\/03\/P5-82x60.jpg"},"cmplz_banner_image":{"file":"P5-350x100.jpg","width":350,"height":100,"mime-type":"image\/jpeg","filesize":21298,"url":"https:\/\/agencebidault.immo\/wp-content\/uploads\/2025\/03\/P5-350x100.jpg"}},"image_meta":{"aperture":"2.2","credit":"","camera":"iPhone 15 Pro","caption":"","created_timestamp":"1740998866","copyright":"","focal_length":"2.2200000286119","iso":"80","shutter_speed":"0.01010101010101","title":"","orientation":"1","keywords":[]},"ID":"47551","name":"P5.jpg","path":"\/home\/clients\/7da1fd23fa98c5d23b5df002c9adcf11\/web\/wp-content\/uploads\/2025\/03\/P5.jpg","url":"https:\/\/agencebidault.immo\/wp-content\/uploads\/2025\/03\/P5-150x150.jpg","full_url":"https:\/\/agencebidault.immo\/wp-content\/uploads\/2025\/03\/P5.jpg","title":"Appartement 4\/5 Pi\u00e8ces avec Terrasse - R\u00e9sidence Elys\u00e9e 2","caption":"Appartement 4\/5 Pi\u00e8ces avec Terrasse - R\u00e9sidence Elys\u00e9e 2 ","description":"Appartement 4\/5 Pi\u00e8ces avec Terrasse - R\u00e9sidence Elys\u00e9e 2 ","alt":"Appartement 4\/5 Pi\u00e8ces avec Terrasse - R\u00e9sidence Elys\u00e9e 2","srcset":"https:\/\/agencebidault.immo\/wp-content\/uploads\/2025\/03\/P5-150x150.jpg 150w, https:\/\/agencebidault.immo\/wp-content\/uploads\/2025\/03\/P5-210x210.jpg 210w"},{"width":150,"height":150,"file":"2025\/03\/P10.jpg","filesize":2230791,"sizes":{"medium":{"file":"P10-300x225.jpg","width":300,"height":225,"mime-type":"image\/jpeg","filesize":21454,"url":"https:\/\/agencebidault.immo\/wp-content\/uploads\/2025\/03\/P10-300x225.jpg"},"large":{"file":"P10-1024x768.jpg","width":1024,"height":768,"mime-type":"image\/jpeg","filesize":114821,"url":"https:\/\/agencebidault.immo\/wp-content\/uploads\/2025\/03\/P10-1024x768.jpg"},"thumbnail":{"file":"P10-150x150.jpg","width":150,"height":150,"mime-type":"image\/jpeg","filesize":14384,"url":"https:\/\/agencebidault.immo\/wp-content\/uploads\/2025\/03\/P10-150x150.jpg"},"medium_large":{"file":"P10-768x576.jpg","width":768,"height":576,"mime-type":"image\/jpeg","filesize":69593,"url":"https:\/\/agencebidault.immo\/wp-content\/uploads\/2025\/03\/P10-768x576.jpg"},"1536x1536":{"file":"P10-1536x1152.jpg","width":1536,"height":1152,"mime-type":"image\/jpeg","filesize":260136,"url":"https:\/\/agencebidault.immo\/wp-content\/uploads\/2025\/03\/P10-1536x1152.jpg"},"post-thumbnail":{"file":"P10-150x113.jpg","width":150,"height":113,"mime-type":"image\/jpeg","filesize":13917,"url":"https:\/\/agencebidault.immo\/wp-content\/uploads\/2025\/03\/P10-150x113.jpg"},"modern-property-child-slider":{"file":"P10-680x510.jpg","width":680,"height":510,"mime-type":"image\/jpeg","filesize":58069,"url":"https:\/\/agencebidault.immo\/wp-content\/uploads\/2025\/03\/P10-680x510.jpg"},"property-thumb-image":{"file":"P10-488x326.jpg","width":488,"height":326,"mime-type":"image\/jpeg","filesize":33816,"url":"https:\/\/agencebidault.immo\/wp-content\/uploads\/2025\/03\/P10-488x326.jpg"},"property-detail-video-image":{"file":"P10-818x417.jpg","width":818,"height":417,"mime-type":"image\/jpeg","filesize":60078,"url":"https:\/\/agencebidault.immo\/wp-content\/uploads\/2025\/03\/P10-818x417.jpg"},"agent-image":{"file":"P10-210x210.jpg","width":210,"height":210,"mime-type":"image\/jpeg","filesize":17775,"url":"https:\/\/agencebidault.immo\/wp-content\/uploads\/2025\/03\/P10-210x210.jpg"},"partners-logo":{"file":"P10-600x1536.jpg","width":600,"height":1536,"mime-type":"image\/jpeg","filesize":162268,"url":"https:\/\/agencebidault.immo\/wp-content\/uploads\/2025\/03\/P10-600x1536.jpg"},"gallery-two-column-image":{"file":"P10-536x269.jpg","width":536,"height":269,"mime-type":"image\/jpeg","filesize":32997,"url":"https:\/\/agencebidault.immo\/wp-content\/uploads\/2025\/03\/P10-536x269.jpg"},"property-detail-slider-image-two":{"file":"P10-1170x648.jpg","width":1170,"height":648,"mime-type":"image\/jpeg","filesize":117375,"url":"https:\/\/agencebidault.immo\/wp-content\/uploads\/2025\/03\/P10-1170x648.jpg"},"property-detail-slider-thumb":{"file":"P10-82x60.jpg","width":82,"height":60,"mime-type":"image\/jpeg","filesize":11689,"url":"https:\/\/agencebidault.immo\/wp-content\/uploads\/2025\/03\/P10-82x60.jpg"},"cmplz_banner_image":{"file":"P10-350x100.jpg","width":350,"height":100,"mime-type":"image\/jpeg","filesize":17619,"url":"https:\/\/agencebidault.immo\/wp-content\/uploads\/2025\/03\/P10-350x100.jpg"}},"image_meta":{"aperture":"2.2","credit":"","camera":"iPhone 15 Pro","caption":"","created_timestamp":"1740998823","copyright":"","focal_length":"2.2200000286119","iso":"80","shutter_speed":"0.01010101010101","title":"","orientation":"1","keywords":[]},"ID":"47556","name":"P10.jpg","path":"\/home\/clients\/7da1fd23fa98c5d23b5df002c9adcf11\/web\/wp-content\/uploads\/2025\/03\/P10.jpg","url":"https:\/\/agencebidault.immo\/wp-content\/uploads\/2025\/03\/P10-150x150.jpg","full_url":"https:\/\/agencebidault.immo\/wp-content\/uploads\/2025\/03\/P10.jpg","title":"Appartement 4\/5 Pi\u00e8ces avec Terrasse - R\u00e9sidence Elys\u00e9e 2","caption":"Appartement 4\/5 Pi\u00e8ces avec Terrasse - R\u00e9sidence Elys\u00e9e 2 ","description":"Appartement 4\/5 Pi\u00e8ces avec Terrasse - R\u00e9sidence Elys\u00e9e 2 ","alt":"Appartement 4\/5 Pi\u00e8ces avec Terrasse - R\u00e9sidence Elys\u00e9e 2","srcset":"https:\/\/agencebidault.immo\/wp-content\/uploads\/2025\/03\/P10-150x150.jpg 150w, https:\/\/agencebidault.immo\/wp-content\/uploads\/2025\/03\/P10-210x210.jpg 210w"},{"width":150,"height":150,"file":"2025\/03\/P8.jpg","filesize":1821519,"sizes":{"medium":{"file":"P8-300x225.jpg","width":300,"height":225,"mime-type":"image\/jpeg","filesize":23117,"url":"https:\/\/agencebidault.immo\/wp-content\/uploads\/2025\/03\/P8-300x225.jpg"},"large":{"file":"P8-1024x768.jpg","width":1024,"height":768,"mime-type":"image\/jpeg","filesize":108699,"url":"https:\/\/agencebidault.immo\/wp-content\/uploads\/2025\/03\/P8-1024x768.jpg"},"thumbnail":{"file":"P8-150x150.jpg","width":150,"height":150,"mime-type":"image\/jpeg","filesize":16462,"url":"https:\/\/agencebidault.immo\/wp-content\/uploads\/2025\/03\/P8-150x150.jpg"},"medium_large":{"file":"P8-768x576.jpg","width":768,"height":576,"mime-type":"image\/jpeg","filesize":69888,"url":"https:\/\/agencebidault.immo\/wp-content\/uploads\/2025\/03\/P8-768x576.jpg"},"1536x1536":{"file":"P8-1536x1152.jpg","width":1536,"height":1152,"mime-type":"image\/jpeg","filesize":220464,"url":"https:\/\/agencebidault.immo\/wp-content\/uploads\/2025\/03\/P8-1536x1152.jpg"},"post-thumbnail":{"file":"P8-150x113.jpg","width":150,"height":113,"mime-type":"image\/jpeg","filesize":14805,"url":"https:\/\/agencebidault.immo\/wp-content\/uploads\/2025\/03\/P8-150x113.jpg"},"modern-property-child-slider":{"file":"P8-680x510.jpg","width":680,"height":510,"mime-type":"image\/jpeg","filesize":58843,"url":"https:\/\/agencebidault.immo\/wp-content\/uploads\/2025\/03\/P8-680x510.jpg"},"property-thumb-image":{"file":"P8-488x326.jpg","width":488,"height":326,"mime-type":"image\/jpeg","filesize":36011,"url":"https:\/\/agencebidault.immo\/wp-content\/uploads\/2025\/03\/P8-488x326.jpg"},"property-detail-video-image":{"file":"P8-818x417.jpg","width":818,"height":417,"mime-type":"image\/jpeg","filesize":58772,"url":"https:\/\/agencebidault.immo\/wp-content\/uploads\/2025\/03\/P8-818x417.jpg"},"agent-image":{"file":"P8-210x210.jpg","width":210,"height":210,"mime-type":"image\/jpeg","filesize":20675,"url":"https:\/\/agencebidault.immo\/wp-content\/uploads\/2025\/03\/P8-210x210.jpg"},"partners-logo":{"file":"P8-600x1536.jpg","width":600,"height":1536,"mime-type":"image\/jpeg","filesize":139145,"url":"https:\/\/agencebidault.immo\/wp-content\/uploads\/2025\/03\/P8-600x1536.jpg"},"gallery-two-column-image":{"file":"P8-536x269.jpg","width":536,"height":269,"mime-type":"image\/jpeg","filesize":34214,"url":"https:\/\/agencebidault.immo\/wp-content\/uploads\/2025\/03\/P8-536x269.jpg"},"property-detail-slider-image-two":{"file":"P8-1170x648.jpg","width":1170,"height":648,"mime-type":"image\/jpeg","filesize":107556,"url":"https:\/\/agencebidault.immo\/wp-content\/uploads\/2025\/03\/P8-1170x648.jpg"},"property-detail-slider-thumb":{"file":"P8-82x60.jpg","width":82,"height":60,"mime-type":"image\/jpeg","filesize":12313,"url":"https:\/\/agencebidault.immo\/wp-content\/uploads\/2025\/03\/P8-82x60.jpg"},"cmplz_banner_image":{"file":"P8-350x100.jpg","width":350,"height":100,"mime-type":"image\/jpeg","filesize":18328,"url":"https:\/\/agencebidault.immo\/wp-content\/uploads\/2025\/03\/P8-350x100.jpg"}},"image_meta":{"aperture":"2.2","credit":"","camera":"iPhone 15 Pro","caption":"","created_timestamp":"1740998723","copyright":"","focal_length":"2.2200000286119","iso":"250","shutter_speed":"0.01","title":"","orientation":"1","keywords":[]},"ID":"47554","name":"P8.jpg","path":"\/home\/clients\/7da1fd23fa98c5d23b5df002c9adcf11\/web\/wp-content\/uploads\/2025\/03\/P8.jpg","url":"https:\/\/agencebidault.immo\/wp-content\/uploads\/2025\/03\/P8-150x150.jpg","full_url":"https:\/\/agencebidault.immo\/wp-content\/uploads\/2025\/03\/P8.jpg","title":"Appartement 4\/5 Pi\u00e8ces avec Terrasse - R\u00e9sidence Elys\u00e9e 2","caption":"Appartement 4\/5 Pi\u00e8ces avec Terrasse - R\u00e9sidence Elys\u00e9e 2 ","description":"","alt":"","srcset":"https:\/\/agencebidault.immo\/wp-content\/uploads\/2025\/03\/P8-150x150.jpg 150w, https:\/\/agencebidault.immo\/wp-content\/uploads\/2025\/03\/P8-210x210.jpg 210w"},{"width":150,"height":150,"file":"2025\/03\/P9.jpg","filesize":2365544,"sizes":{"medium":{"file":"P9-300x225.jpg","width":300,"height":225,"mime-type":"image\/jpeg","filesize":25513,"url":"https:\/\/agencebidault.immo\/wp-content\/uploads\/2025\/03\/P9-300x225.jpg"},"large":{"file":"P9-1024x768.jpg","width":1024,"height":768,"mime-type":"image\/jpeg","filesize":140806,"url":"https:\/\/agencebidault.immo\/wp-content\/uploads\/2025\/03\/P9-1024x768.jpg"},"thumbnail":{"file":"P9-150x150.jpg","width":150,"height":150,"mime-type":"image\/jpeg","filesize":17064,"url":"https:\/\/agencebidault.immo\/wp-content\/uploads\/2025\/03\/P9-150x150.jpg"},"medium_large":{"file":"P9-768x576.jpg","width":768,"height":576,"mime-type":"image\/jpeg","filesize":85670,"url":"https:\/\/agencebidault.immo\/wp-content\/uploads\/2025\/03\/P9-768x576.jpg"},"1536x1536":{"file":"P9-1536x1152.jpg","width":1536,"height":1152,"mime-type":"image\/jpeg","filesize":318755,"url":"https:\/\/agencebidault.immo\/wp-content\/uploads\/2025\/03\/P9-1536x1152.jpg"},"post-thumbnail":{"file":"P9-150x113.jpg","width":150,"height":113,"mime-type":"image\/jpeg","filesize":16030,"url":"https:\/\/agencebidault.immo\/wp-content\/uploads\/2025\/03\/P9-150x113.jpg"},"modern-property-child-slider":{"file":"P9-680x510.jpg","width":680,"height":510,"mime-type":"image\/jpeg","filesize":70705,"url":"https:\/\/agencebidault.immo\/wp-content\/uploads\/2025\/03\/P9-680x510.jpg"},"property-thumb-image":{"file":"P9-488x326.jpg","width":488,"height":326,"mime-type":"image\/jpeg","filesize":41033,"url":"https:\/\/agencebidault.immo\/wp-content\/uploads\/2025\/03\/P9-488x326.jpg"},"property-detail-video-image":{"file":"P9-818x417.jpg","width":818,"height":417,"mime-type":"image\/jpeg","filesize":75613,"url":"https:\/\/agencebidault.immo\/wp-content\/uploads\/2025\/03\/P9-818x417.jpg"},"agent-image":{"file":"P9-210x210.jpg","width":210,"height":210,"mime-type":"image\/jpeg","filesize":21428,"url":"https:\/\/agencebidault.immo\/wp-content\/uploads\/2025\/03\/P9-210x210.jpg"},"partners-logo":{"file":"P9-600x1536.jpg","width":600,"height":1536,"mime-type":"image\/jpeg","filesize":193927,"url":"https:\/\/agencebidault.immo\/wp-content\/uploads\/2025\/03\/P9-600x1536.jpg"},"gallery-two-column-image":{"file":"P9-536x269.jpg","width":536,"height":269,"mime-type":"image\/jpeg","filesize":39790,"url":"https:\/\/agencebidault.immo\/wp-content\/uploads\/2025\/03\/P9-536x269.jpg"},"property-detail-slider-image-two":{"file":"P9-1170x648.jpg","width":1170,"height":648,"mime-type":"image\/jpeg","filesize":149986,"url":"https:\/\/agencebidault.immo\/wp-content\/uploads\/2025\/03\/P9-1170x648.jpg"},"property-detail-slider-thumb":{"file":"P9-82x60.jpg","width":82,"height":60,"mime-type":"image\/jpeg","filesize":13251,"url":"https:\/\/agencebidault.immo\/wp-content\/uploads\/2025\/03\/P9-82x60.jpg"},"cmplz_banner_image":{"file":"P9-350x100.jpg","width":350,"height":100,"mime-type":"image\/jpeg","filesize":20045,"url":"https:\/\/agencebidault.immo\/wp-content\/uploads\/2025\/03\/P9-350x100.jpg"}},"image_meta":{"aperture":"2.2","credit":"","camera":"iPhone 15 Pro","caption":"","created_timestamp":"1740998772","copyright":"","focal_length":"2.2200000286119","iso":"125","shutter_speed":"0.01","title":"","orientation":"1","keywords":[]},"ID":"47555","name":"P9.jpg","path":"\/home\/clients\/7da1fd23fa98c5d23b5df002c9adcf11\/web\/wp-content\/uploads\/2025\/03\/P9.jpg","url":"https:\/\/agencebidault.immo\/wp-content\/uploads\/2025\/03\/P9-150x150.jpg","full_url":"https:\/\/agencebidault.immo\/wp-content\/uploads\/2025\/03\/P9.jpg","title":"Appartement 4\/5 Pi\u00e8ces avec Terrasse - R\u00e9sidence Elys\u00e9e 2","caption":"Appartement 4\/5 Pi\u00e8ces avec Terrasse - R\u00e9sidence Elys\u00e9e 2 ","description":"","alt":"","srcset":"https:\/\/agencebidault.immo\/wp-content\/uploads\/2025\/03\/P9-150x150.jpg 150w, https:\/\/agencebidault.immo\/wp-content\/uploads\/2025\/03\/P9-210x210.jpg 210w"},{"width":150,"height":150,"file":"2025\/03\/P7.jpg","filesize":2016347,"sizes":{"medium":{"file":"P7-300x225.jpg","width":300,"height":225,"mime-type":"image\/jpeg","filesize":21437,"url":"https:\/\/agencebidault.immo\/wp-content\/uploads\/2025\/03\/P7-300x225.jpg"},"large":{"file":"P7-1024x768.jpg","width":1024,"height":768,"mime-type":"image\/jpeg","filesize":111577,"url":"https:\/\/agencebidault.immo\/wp-content\/uploads\/2025\/03\/P7-1024x768.jpg"},"thumbnail":{"file":"P7-150x150.jpg","width":150,"height":150,"mime-type":"image\/jpeg","filesize":14677,"url":"https:\/\/agencebidault.immo\/wp-content\/uploads\/2025\/03\/P7-150x150.jpg"},"medium_large":{"file":"P7-768x576.jpg","width":768,"height":576,"mime-type":"image\/jpeg","filesize":69777,"url":"https:\/\/agencebidault.immo\/wp-content\/uploads\/2025\/03\/P7-768x576.jpg"},"1536x1536":{"file":"P7-1536x1152.jpg","width":1536,"height":1152,"mime-type":"image\/jpeg","filesize":238319,"url":"https:\/\/agencebidault.immo\/wp-content\/uploads\/2025\/03\/P7-1536x1152.jpg"},"post-thumbnail":{"file":"P7-150x113.jpg","width":150,"height":113,"mime-type":"image\/jpeg","filesize":13792,"url":"https:\/\/agencebidault.immo\/wp-content\/uploads\/2025\/03\/P7-150x113.jpg"},"modern-property-child-slider":{"file":"P7-680x510.jpg","width":680,"height":510,"mime-type":"image\/jpeg","filesize":58122,"url":"https:\/\/agencebidault.immo\/wp-content\/uploads\/2025\/03\/P7-680x510.jpg"},"property-thumb-image":{"file":"P7-488x326.jpg","width":488,"height":326,"mime-type":"image\/jpeg","filesize":34486,"url":"https:\/\/agencebidault.immo\/wp-content\/uploads\/2025\/03\/P7-488x326.jpg"},"property-detail-video-image":{"file":"P7-818x417.jpg","width":818,"height":417,"mime-type":"image\/jpeg","filesize":61661,"url":"https:\/\/agencebidault.immo\/wp-content\/uploads\/2025\/03\/P7-818x417.jpg"},"agent-image":{"file":"P7-210x210.jpg","width":210,"height":210,"mime-type":"image\/jpeg","filesize":18409,"url":"https:\/\/agencebidault.immo\/wp-content\/uploads\/2025\/03\/P7-210x210.jpg"},"partners-logo":{"file":"P7-600x1536.jpg","width":600,"height":1536,"mime-type":"image\/jpeg","filesize":142340,"url":"https:\/\/agencebidault.immo\/wp-content\/uploads\/2025\/03\/P7-600x1536.jpg"},"gallery-two-column-image":{"file":"P7-536x269.jpg","width":536,"height":269,"mime-type":"image\/jpeg","filesize":33661,"url":"https:\/\/agencebidault.immo\/wp-content\/uploads\/2025\/03\/P7-536x269.jpg"},"property-detail-slider-image-two":{"file":"P7-1170x648.jpg","width":1170,"height":648,"mime-type":"image\/jpeg","filesize":115789,"url":"https:\/\/agencebidault.immo\/wp-content\/uploads\/2025\/03\/P7-1170x648.jpg"},"property-detail-slider-thumb":{"file":"P7-82x60.jpg","width":82,"height":60,"mime-type":"image\/jpeg","filesize":11573,"url":"https:\/\/agencebidault.immo\/wp-content\/uploads\/2025\/03\/P7-82x60.jpg"},"cmplz_banner_image":{"file":"P7-350x100.jpg","width":350,"height":100,"mime-type":"image\/jpeg","filesize":17797,"url":"https:\/\/agencebidault.immo\/wp-content\/uploads\/2025\/03\/P7-350x100.jpg"}},"image_meta":{"aperture":"2.2","credit":"","camera":"iPhone 15 Pro","caption":"","created_timestamp":"1740998624","copyright":"","focal_length":"2.2200000286119","iso":"40","shutter_speed":"0.0098039215686275","title":"","orientation":"1","keywords":[]},"ID":"47553","name":"P7.jpg","path":"\/home\/clients\/7da1fd23fa98c5d23b5df002c9adcf11\/web\/wp-content\/uploads\/2025\/03\/P7.jpg","url":"https:\/\/agencebidault.immo\/wp-content\/uploads\/2025\/03\/P7-150x150.jpg","full_url":"https:\/\/agencebidault.immo\/wp-content\/uploads\/2025\/03\/P7.jpg","title":"Appartement 4\/5 Pi\u00e8ces avec Terrasse - R\u00e9sidence Elys\u00e9e 2","caption":"Appartement 4\/5 Pi\u00e8ces avec Terrasse - R\u00e9sidence Elys\u00e9e 2 ","description":"","alt":"","srcset":"https:\/\/agencebidault.immo\/wp-content\/uploads\/2025\/03\/P7-150x150.jpg 150w, https:\/\/agencebidault.immo\/wp-content\/uploads\/2025\/03\/P7-210x210.jpg 210w"},{"width":150,"height":150,"file":"2025\/03\/P6.jpg","filesize":2350158,"sizes":{"medium":{"file":"P6-300x225.jpg","width":300,"height":225,"mime-type":"image\/jpeg","filesize":23644,"url":"https:\/\/agencebidault.immo\/wp-content\/uploads\/2025\/03\/P6-300x225.jpg"},"large":{"file":"P6-1024x768.jpg","width":1024,"height":768,"mime-type":"image\/jpeg","filesize":131269,"url":"https:\/\/agencebidault.immo\/wp-content\/uploads\/2025\/03\/P6-1024x768.jpg"},"thumbnail":{"file":"P6-150x150.jpg","width":150,"height":150,"mime-type":"image\/jpeg","filesize":15662,"url":"https:\/\/agencebidault.immo\/wp-content\/uploads\/2025\/03\/P6-150x150.jpg"},"medium_large":{"file":"P6-768x576.jpg","width":768,"height":576,"mime-type":"image\/jpeg","filesize":80795,"url":"https:\/\/agencebidault.immo\/wp-content\/uploads\/2025\/03\/P6-768x576.jpg"},"1536x1536":{"file":"P6-1536x1152.jpg","width":1536,"height":1152,"mime-type":"image\/jpeg","filesize":281229,"url":"https:\/\/agencebidault.immo\/wp-content\/uploads\/2025\/03\/P6-1536x1152.jpg"},"post-thumbnail":{"file":"P6-150x113.jpg","width":150,"height":113,"mime-type":"image\/jpeg","filesize":14694,"url":"https:\/\/agencebidault.immo\/wp-content\/uploads\/2025\/03\/P6-150x113.jpg"},"modern-property-child-slider":{"file":"P6-680x510.jpg","width":680,"height":510,"mime-type":"image\/jpeg","filesize":66913,"url":"https:\/\/agencebidault.immo\/wp-content\/uploads\/2025\/03\/P6-680x510.jpg"},"property-thumb-image":{"file":"P6-488x326.jpg","width":488,"height":326,"mime-type":"image\/jpeg","filesize":39335,"url":"https:\/\/agencebidault.immo\/wp-content\/uploads\/2025\/03\/P6-488x326.jpg"},"property-detail-video-image":{"file":"P6-818x417.jpg","width":818,"height":417,"mime-type":"image\/jpeg","filesize":73081,"url":"https:\/\/agencebidault.immo\/wp-content\/uploads\/2025\/03\/P6-818x417.jpg"},"agent-image":{"file":"P6-210x210.jpg","width":210,"height":210,"mime-type":"image\/jpeg","filesize":19821,"url":"https:\/\/agencebidault.immo\/wp-content\/uploads\/2025\/03\/P6-210x210.jpg"},"partners-logo":{"file":"P6-600x1536.jpg","width":600,"height":1536,"mime-type":"image\/jpeg","filesize":179383,"url":"https:\/\/agencebidault.immo\/wp-content\/uploads\/2025\/03\/P6-600x1536.jpg"},"gallery-two-column-image":{"file":"P6-536x269.jpg","width":536,"height":269,"mime-type":"image\/jpeg","filesize":39440,"url":"https:\/\/agencebidault.immo\/wp-content\/uploads\/2025\/03\/P6-536x269.jpg"},"property-detail-slider-image-two":{"file":"P6-1170x648.jpg","width":1170,"height":648,"mime-type":"image\/jpeg","filesize":140180,"url":"https:\/\/agencebidault.immo\/wp-content\/uploads\/2025\/03\/P6-1170x648.jpg"},"property-detail-slider-thumb":{"file":"P6-82x60.jpg","width":82,"height":60,"mime-type":"image\/jpeg","filesize":12196,"url":"https:\/\/agencebidault.immo\/wp-content\/uploads\/2025\/03\/P6-82x60.jpg"},"cmplz_banner_image":{"file":"P6-350x100.jpg","width":350,"height":100,"mime-type":"image\/jpeg","filesize":19582,"url":"https:\/\/agencebidault.immo\/wp-content\/uploads\/2025\/03\/P6-350x100.jpg"}},"image_meta":{"aperture":"2.2","credit":"","camera":"iPhone 15 Pro","caption":"","created_timestamp":"1740998565","copyright":"","focal_length":"2.2200000286119","iso":"40","shutter_speed":"0.006993006993007","title":"","orientation":"1","keywords":[]},"ID":"47552","name":"P6.jpg","path":"\/home\/clients\/7da1fd23fa98c5d23b5df002c9adcf11\/web\/wp-content\/uploads\/2025\/03\/P6.jpg","url":"https:\/\/agencebidault.immo\/wp-content\/uploads\/2025\/03\/P6-150x150.jpg","full_url":"https:\/\/agencebidault.immo\/wp-content\/uploads\/2025\/03\/P6.jpg","title":"Appartement 4\/5 Pi\u00e8ces avec Terrasse - R\u00e9sidence Elys\u00e9e 2","caption":"Appartement 4\/5 Pi\u00e8ces avec Terrasse - R\u00e9sidence Elys\u00e9e 2 ","description":"Appartement 4\/5 Pi\u00e8ces avec Terrasse - R\u00e9sidence Elys\u00e9e 2 ","alt":"Appartement 4\/5 Pi\u00e8ces avec Terrasse - R\u00e9sidence Elys\u00e9e 2","srcset":"https:\/\/agencebidault.immo\/wp-content\/uploads\/2025\/03\/P6-150x150.jpg 150w, https:\/\/agencebidault.immo\/wp-content\/uploads\/2025\/03\/P6-210x210.jpg 210w"},{"width":150,"height":150,"file":"2025\/03\/P2.jpg","filesize":1586347,"sizes":{"medium":{"file":"P2-300x225.jpg","width":300,"height":225,"mime-type":"image\/jpeg","filesize":22917,"url":"https:\/\/agencebidault.immo\/wp-content\/uploads\/2025\/03\/P2-300x225.jpg"},"large":{"file":"P2-1024x768.jpg","width":1024,"height":768,"mime-type":"image\/jpeg","filesize":104005,"url":"https:\/\/agencebidault.immo\/wp-content\/uploads\/2025\/03\/P2-1024x768.jpg"},"thumbnail":{"file":"P2-150x150.jpg","width":150,"height":150,"mime-type":"image\/jpeg","filesize":15842,"url":"https:\/\/agencebidault.immo\/wp-content\/uploads\/2025\/03\/P2-150x150.jpg"},"medium_large":{"file":"P2-768x576.jpg","width":768,"height":576,"mime-type":"image\/jpeg","filesize":67485,"url":"https:\/\/agencebidault.immo\/wp-content\/uploads\/2025\/03\/P2-768x576.jpg"},"1536x1536":{"file":"P2-1536x1152.jpg","width":1536,"height":1152,"mime-type":"image\/jpeg","filesize":206530,"url":"https:\/\/agencebidault.immo\/wp-content\/uploads\/2025\/03\/P2-1536x1152.jpg"},"post-thumbnail":{"file":"P2-150x113.jpg","width":150,"height":113,"mime-type":"image\/jpeg","filesize":15051,"url":"https:\/\/agencebidault.immo\/wp-content\/uploads\/2025\/03\/P2-150x113.jpg"},"modern-property-child-slider":{"file":"P2-680x510.jpg","width":680,"height":510,"mime-type":"image\/jpeg","filesize":56867,"url":"https:\/\/agencebidault.immo\/wp-content\/uploads\/2025\/03\/P2-680x510.jpg"},"property-thumb-image":{"file":"P2-488x326.jpg","width":488,"height":326,"mime-type":"image\/jpeg","filesize":35084,"url":"https:\/\/agencebidault.immo\/wp-content\/uploads\/2025\/03\/P2-488x326.jpg"},"property-detail-video-image":{"file":"P2-818x417.jpg","width":818,"height":417,"mime-type":"image\/jpeg","filesize":57342,"url":"https:\/\/agencebidault.immo\/wp-content\/uploads\/2025\/03\/P2-818x417.jpg"},"agent-image":{"file":"P2-210x210.jpg","width":210,"height":210,"mime-type":"image\/jpeg","filesize":19406,"url":"https:\/\/agencebidault.immo\/wp-content\/uploads\/2025\/03\/P2-210x210.jpg"},"partners-logo":{"file":"P2-600x1536.jpg","width":600,"height":1536,"mime-type":"image\/jpeg","filesize":111532,"url":"https:\/\/agencebidault.immo\/wp-content\/uploads\/2025\/03\/P2-600x1536.jpg"},"gallery-two-column-image":{"file":"P2-536x269.jpg","width":536,"height":269,"mime-type":"image\/jpeg","filesize":32732,"url":"https:\/\/agencebidault.immo\/wp-content\/uploads\/2025\/03\/P2-536x269.jpg"},"property-detail-slider-image-two":{"file":"P2-1170x648.jpg","width":1170,"height":648,"mime-type":"image\/jpeg","filesize":104956,"url":"https:\/\/agencebidault.immo\/wp-content\/uploads\/2025\/03\/P2-1170x648.jpg"},"property-detail-slider-thumb":{"file":"P2-82x60.jpg","width":82,"height":60,"mime-type":"image\/jpeg","filesize":12705,"url":"https:\/\/agencebidault.immo\/wp-content\/uploads\/2025\/03\/P2-82x60.jpg"},"cmplz_banner_image":{"file":"P2-350x100.jpg","width":350,"height":100,"mime-type":"image\/jpeg","filesize":17526,"url":"https:\/\/agencebidault.immo\/wp-content\/uploads\/2025\/03\/P2-350x100.jpg"}},"image_meta":{"aperture":"2.2","credit":"","camera":"iPhone 15 Pro","caption":"","created_timestamp":"1740999170","copyright":"","focal_length":"2.2200000286119","iso":"320","shutter_speed":"0.01","title":"","orientation":"1","keywords":[]},"ID":"47548","name":"P2.jpg","path":"\/home\/clients\/7da1fd23fa98c5d23b5df002c9adcf11\/web\/wp-content\/uploads\/2025\/03\/P2.jpg","url":"https:\/\/agencebidault.immo\/wp-content\/uploads\/2025\/03\/P2-150x150.jpg","full_url":"https:\/\/agencebidault.immo\/wp-content\/uploads\/2025\/03\/P2.jpg","title":"Appartement 4\/5 Pi\u00e8ces avec Terrasse - R\u00e9sidence Elys\u00e9e 2","caption":"Appartement 4\/5 Pi\u00e8ces avec Terrasse - R\u00e9sidence Elys\u00e9e 2 ","description":"Appartement 4\/5 Pi\u00e8ces avec Terrasse - R\u00e9sidence Elys\u00e9e 2 ","alt":"Appartement 4\/5 Pi\u00e8ces avec Terrasse - R\u00e9sidence Elys\u00e9e 2","srcset":"https:\/\/agencebidault.immo\/wp-content\/uploads\/2025\/03\/P2-150x150.jpg 150w, https:\/\/agencebidault.immo\/wp-content\/uploads\/2025\/03\/P2-210x210.jpg 210w"},{"width":150,"height":150,"file":"2025\/03\/P4.jpg","filesize":2211155,"sizes":{"medium":{"file":"P4-300x225.jpg","width":300,"height":225,"mime-type":"image\/jpeg","filesize":22725,"url":"https:\/\/agencebidault.immo\/wp-content\/uploads\/2025\/03\/P4-300x225.jpg"},"large":{"file":"P4-1024x768.jpg","width":1024,"height":768,"mime-type":"image\/jpeg","filesize":125046,"url":"https:\/\/agencebidault.immo\/wp-content\/uploads\/2025\/03\/P4-1024x768.jpg"},"thumbnail":{"file":"P4-150x150.jpg","width":150,"height":150,"mime-type":"image\/jpeg","filesize":15552,"url":"https:\/\/agencebidault.immo\/wp-content\/uploads\/2025\/03\/P4-150x150.jpg"},"medium_large":{"file":"P4-768x576.jpg","width":768,"height":576,"mime-type":"image\/jpeg","filesize":75851,"url":"https:\/\/agencebidault.immo\/wp-content\/uploads\/2025\/03\/P4-768x576.jpg"},"1536x1536":{"file":"P4-1536x1152.jpg","width":1536,"height":1152,"mime-type":"image\/jpeg","filesize":278644,"url":"https:\/\/agencebidault.immo\/wp-content\/uploads\/2025\/03\/P4-1536x1152.jpg"},"post-thumbnail":{"file":"P4-150x113.jpg","width":150,"height":113,"mime-type":"image\/jpeg","filesize":14432,"url":"https:\/\/agencebidault.immo\/wp-content\/uploads\/2025\/03\/P4-150x113.jpg"},"modern-property-child-slider":{"file":"P4-680x510.jpg","width":680,"height":510,"mime-type":"image\/jpeg","filesize":63167,"url":"https:\/\/agencebidault.immo\/wp-content\/uploads\/2025\/03\/P4-680x510.jpg"},"property-thumb-image":{"file":"P4-488x326.jpg","width":488,"height":326,"mime-type":"image\/jpeg","filesize":37221,"url":"https:\/\/agencebidault.immo\/wp-content\/uploads\/2025\/03\/P4-488x326.jpg"},"property-detail-video-image":{"file":"P4-818x417.jpg","width":818,"height":417,"mime-type":"image\/jpeg","filesize":67873,"url":"https:\/\/agencebidault.immo\/wp-content\/uploads\/2025\/03\/P4-818x417.jpg"},"agent-image":{"file":"P4-210x210.jpg","width":210,"height":210,"mime-type":"image\/jpeg","filesize":19613,"url":"https:\/\/agencebidault.immo\/wp-content\/uploads\/2025\/03\/P4-210x210.jpg"},"partners-logo":{"file":"P4-600x1536.jpg","width":600,"height":1536,"mime-type":"image\/jpeg","filesize":191990,"url":"https:\/\/agencebidault.immo\/wp-content\/uploads\/2025\/03\/P4-600x1536.jpg"},"gallery-two-column-image":{"file":"P4-536x269.jpg","width":536,"height":269,"mime-type":"image\/jpeg","filesize":36471,"url":"https:\/\/agencebidault.immo\/wp-content\/uploads\/2025\/03\/P4-536x269.jpg"},"property-detail-slider-image-two":{"file":"P4-1170x648.jpg","width":1170,"height":648,"mime-type":"image\/jpeg","filesize":130870,"url":"https:\/\/agencebidault.immo\/wp-content\/uploads\/2025\/03\/P4-1170x648.jpg"},"property-detail-slider-thumb":{"file":"P4-82x60.jpg","width":82,"height":60,"mime-type":"image\/jpeg","filesize":12086,"url":"https:\/\/agencebidault.immo\/wp-content\/uploads\/2025\/03\/P4-82x60.jpg"},"cmplz_banner_image":{"file":"P4-350x100.jpg","width":350,"height":100,"mime-type":"image\/jpeg","filesize":18936,"url":"https:\/\/agencebidault.immo\/wp-content\/uploads\/2025\/03\/P4-350x100.jpg"}},"image_meta":{"aperture":"2.2","credit":"","camera":"iPhone 15 Pro","caption":"","created_timestamp":"1740998941","copyright":"","focal_length":"2.2200000286119","iso":"50","shutter_speed":"0.01010101010101","title":"","orientation":"1","keywords":[]},"ID":"47550","name":"P4.jpg","path":"\/home\/clients\/7da1fd23fa98c5d23b5df002c9adcf11\/web\/wp-content\/uploads\/2025\/03\/P4.jpg","url":"https:\/\/agencebidault.immo\/wp-content\/uploads\/2025\/03\/P4-150x150.jpg","full_url":"https:\/\/agencebidault.immo\/wp-content\/uploads\/2025\/03\/P4.jpg","title":"Appartement 4\/5 Pi\u00e8ces avec Terrasse - R\u00e9sidence Elys\u00e9e 2","caption":"Appartement 4\/5 Pi\u00e8ces avec Terrasse - R\u00e9sidence Elys\u00e9e 2 ","description":"Appartement 4\/5 Pi\u00e8ces avec Terrasse - R\u00e9sidence Elys\u00e9e 2 ","alt":"Appartement 4\/5 Pi\u00e8ces avec Terrasse - R\u00e9sidence Elys\u00e9e 2","srcset":"https:\/\/agencebidault.immo\/wp-content\/uploads\/2025\/03\/P4-150x150.jpg 150w, https:\/\/agencebidault.immo\/wp-content\/uploads\/2025\/03\/P4-210x210.jpg 210w"},{"width":150,"height":150,"file":"2025\/03\/P3.jpg","filesize":2126503,"sizes":{"medium":{"file":"P3-300x225.jpg","width":300,"height":225,"mime-type":"image\/jpeg","filesize":22722,"url":"https:\/\/agencebidault.immo\/wp-content\/uploads\/2025\/03\/P3-300x225.jpg"},"large":{"file":"P3-1024x768.jpg","width":1024,"height":768,"mime-type":"image\/jpeg","filesize":119137,"url":"https:\/\/agencebidault.immo\/wp-content\/uploads\/2025\/03\/P3-1024x768.jpg"},"thumbnail":{"file":"P3-150x150.jpg","width":150,"height":150,"mime-type":"image\/jpeg","filesize":15370,"url":"https:\/\/agencebidault.immo\/wp-content\/uploads\/2025\/03\/P3-150x150.jpg"},"medium_large":{"file":"P3-768x576.jpg","width":768,"height":576,"mime-type":"image\/jpeg","filesize":73279,"url":"https:\/\/agencebidault.immo\/wp-content\/uploads\/2025\/03\/P3-768x576.jpg"},"1536x1536":{"file":"P3-1536x1152.jpg","width":1536,"height":1152,"mime-type":"image\/jpeg","filesize":260976,"url":"https:\/\/agencebidault.immo\/wp-content\/uploads\/2025\/03\/P3-1536x1152.jpg"},"post-thumbnail":{"file":"P3-150x113.jpg","width":150,"height":113,"mime-type":"image\/jpeg","filesize":14422,"url":"https:\/\/agencebidault.immo\/wp-content\/uploads\/2025\/03\/P3-150x113.jpg"},"modern-property-child-slider":{"file":"P3-680x510.jpg","width":680,"height":510,"mime-type":"image\/jpeg","filesize":61105,"url":"https:\/\/agencebidault.immo\/wp-content\/uploads\/2025\/03\/P3-680x510.jpg"},"property-thumb-image":{"file":"P3-488x326.jpg","width":488,"height":326,"mime-type":"image\/jpeg","filesize":35312,"url":"https:\/\/agencebidault.immo\/wp-content\/uploads\/2025\/03\/P3-488x326.jpg"},"property-detail-video-image":{"file":"P3-818x417.jpg","width":818,"height":417,"mime-type":"image\/jpeg","filesize":58990,"url":"https:\/\/agencebidault.immo\/wp-content\/uploads\/2025\/03\/P3-818x417.jpg"},"agent-image":{"file":"P3-210x210.jpg","width":210,"height":210,"mime-type":"image\/jpeg","filesize":19144,"url":"https:\/\/agencebidault.immo\/wp-content\/uploads\/2025\/03\/P3-210x210.jpg"},"partners-logo":{"file":"P3-600x1536.jpg","width":600,"height":1536,"mime-type":"image\/jpeg","filesize":128642,"url":"https:\/\/agencebidault.immo\/wp-content\/uploads\/2025\/03\/P3-600x1536.jpg"},"gallery-two-column-image":{"file":"P3-536x269.jpg","width":536,"height":269,"mime-type":"image\/jpeg","filesize":32313,"url":"https:\/\/agencebidault.immo\/wp-content\/uploads\/2025\/03\/P3-536x269.jpg"},"property-detail-slider-image-two":{"file":"P3-1170x648.jpg","width":1170,"height":648,"mime-type":"image\/jpeg","filesize":115277,"url":"https:\/\/agencebidault.immo\/wp-content\/uploads\/2025\/03\/P3-1170x648.jpg"},"property-detail-slider-thumb":{"file":"P3-82x60.jpg","width":82,"height":60,"mime-type":"image\/jpeg","filesize":12063,"url":"https:\/\/agencebidault.immo\/wp-content\/uploads\/2025\/03\/P3-82x60.jpg"},"cmplz_banner_image":{"file":"P3-350x100.jpg","width":350,"height":100,"mime-type":"image\/jpeg","filesize":16516,"url":"https:\/\/agencebidault.immo\/wp-content\/uploads\/2025\/03\/P3-350x100.jpg"}},"image_meta":{"aperture":"2.2","credit":"","camera":"iPhone 15 Pro","caption":"","created_timestamp":"1740999005","copyright":"","focal_length":"2.2200000286119","iso":"50","shutter_speed":"0.01010101010101","title":"","orientation":"1","keywords":[]},"ID":"47549","name":"P3.jpg","path":"\/home\/clients\/7da1fd23fa98c5d23b5df002c9adcf11\/web\/wp-content\/uploads\/2025\/03\/P3.jpg","url":"https:\/\/agencebidault.immo\/wp-content\/uploads\/2025\/03\/P3-150x150.jpg","full_url":"https:\/\/agencebidault.immo\/wp-content\/uploads\/2025\/03\/P3.jpg","title":"Appartement 4\/5 Pi\u00e8ces avec Terrasse - R\u00e9sidence Elys\u00e9e 2","caption":"Appartement 4\/5 Pi\u00e8ces avec Terrasse - R\u00e9sidence Elys\u00e9e 2 ","description":"","alt":"","srcset":"https:\/\/agencebidault.immo\/wp-content\/uploads\/2025\/03\/P3-150x150.jpg 150w, https:\/\/agencebidault.immo\/wp-content\/uploads\/2025\/03\/P3-210x210.jpg 210w"},{"width":150,"height":150,"file":"2024\/11\/Agence-scaled.jpg","filesize":232707,"sizes":{"medium":{"file":"Agence-300x224.jpg","width":300,"height":224,"mime-type":"image\/jpeg","filesize":20381,"url":"https:\/\/agencebidault.immo\/wp-content\/uploads\/2024\/11\/Agence-300x224.jpg"},"large":{"file":"Agence-1024x765.jpg","width":1024,"height":765,"mime-type":"image\/jpeg","filesize":68971,"url":"https:\/\/agencebidault.immo\/wp-content\/uploads\/2024\/11\/Agence-1024x765.jpg"},"thumbnail":{"file":"Agence-150x150.jpg","width":150,"height":150,"mime-type":"image\/jpeg","filesize":15669,"url":"https:\/\/agencebidault.immo\/wp-content\/uploads\/2024\/11\/Agence-150x150.jpg"},"medium_large":{"file":"Agence-768x574.jpg","width":768,"height":574,"mime-type":"image\/jpeg","filesize":49475,"url":"https:\/\/agencebidault.immo\/wp-content\/uploads\/2024\/11\/Agence-768x574.jpg"},"1536x1536":{"file":"Agence-1536x1148.jpg","width":1536,"height":1148,"mime-type":"image\/jpeg","filesize":117091,"url":"https:\/\/agencebidault.immo\/wp-content\/uploads\/2024\/11\/Agence-1536x1148.jpg"},"2048x2048":{"file":"Agence-2048x1531.jpg","width":2048,"height":1531,"mime-type":"image\/jpeg","filesize":169570,"url":"https:\/\/agencebidault.immo\/wp-content\/uploads\/2024\/11\/Agence-2048x1531.jpg"},"post-thumbnail":{"file":"Agence-150x112.jpg","width":150,"height":112,"mime-type":"image\/jpeg","filesize":14538,"url":"https:\/\/agencebidault.immo\/wp-content\/uploads\/2024\/11\/Agence-150x112.jpg"},"modern-property-child-slider":{"file":"Agence-680x510.jpg","width":680,"height":510,"mime-type":"image\/jpeg","filesize":42198,"url":"https:\/\/agencebidault.immo\/wp-content\/uploads\/2024\/11\/Agence-680x510.jpg"},"property-thumb-image":{"file":"Agence-488x326.jpg","width":488,"height":326,"mime-type":"image\/jpeg","filesize":29967,"url":"https:\/\/agencebidault.immo\/wp-content\/uploads\/2024\/11\/Agence-488x326.jpg"},"property-detail-video-image":{"file":"Agence-818x417.jpg","width":818,"height":417,"mime-type":"image\/jpeg","filesize":43469,"url":"https:\/\/agencebidault.immo\/wp-content\/uploads\/2024\/11\/Agence-818x417.jpg"},"agent-image":{"file":"Agence-210x210.jpg","width":210,"height":210,"mime-type":"image\/jpeg","filesize":19244,"url":"https:\/\/agencebidault.immo\/wp-content\/uploads\/2024\/11\/Agence-210x210.jpg"},"partners-logo":{"file":"Agence-600x2106.jpg","width":600,"height":2106,"mime-type":"image\/jpeg","filesize":142898,"url":"https:\/\/agencebidault.immo\/wp-content\/uploads\/2024\/11\/Agence-600x2106.jpg"},"gallery-two-column-image":{"file":"Agence-536x269.jpg","width":536,"height":269,"mime-type":"image\/jpeg","filesize":27125,"url":"https:\/\/agencebidault.immo\/wp-content\/uploads\/2024\/11\/Agence-536x269.jpg"},"property-detail-slider-image-two":{"file":"Agence-1170x648.jpg","width":1170,"height":648,"mime-type":"image\/jpeg","filesize":69055,"url":"https:\/\/agencebidault.immo\/wp-content\/uploads\/2024\/11\/Agence-1170x648.jpg"},"property-detail-slider-thumb":{"file":"Agence-82x60.jpg","width":82,"height":60,"mime-type":"image\/jpeg","filesize":12628,"url":"https:\/\/agencebidault.immo\/wp-content\/uploads\/2024\/11\/Agence-82x60.jpg"},"cmplz_banner_image":{"file":"Agence-350x100.jpg","width":350,"height":100,"mime-type":"image\/jpeg","filesize":15739,"url":"https:\/\/agencebidault.immo\/wp-content\/uploads\/2024\/11\/Agence-350x100.jpg"}},"image_meta":{"aperture":"0","credit":"","camera":"","caption":"","created_timestamp":"0","copyright":"","focal_length":"0","iso":"0","shutter_speed":"0","title":"","orientation":"1","keywords":[]},"original_image":"Agence.jpg","ID":"46640","name":"Agence-scaled.jpg","path":"\/home\/clients\/7da1fd23fa98c5d23b5df002c9adcf11\/web\/wp-content\/uploads\/2024\/11\/Agence-scaled.jpg","url":"https:\/\/agencebidault.immo\/wp-content\/uploads\/2024\/11\/Agence-150x150.jpg","full_url":"https:\/\/agencebidault.immo\/wp-content\/uploads\/2024\/11\/Agence-scaled.jpg","title":"Agence Bidault Immobilier - Agence Immobili\u00e8re La Celle-Saint-Cloud","caption":"Agence Bidault Immobilier - Agence Immobili\u00e8re La Celle-Saint-Cloud","description":"Agence Bidault Immobilier - Agence Immobili\u00e8re La Celle-Saint-Cloud","alt":"Agence Bidault Immobilier - Agence Immobili\u00e8re La Celle-Saint-Cloud","srcset":"https:\/\/agencebidault.immo\/wp-content\/uploads\/2024\/11\/Agence-150x150.jpg 150w, https:\/\/agencebidault.immo\/wp-content\/uploads\/2024\/11\/Agence-210x210.jpg 210w"}],"REAL_HOMES_change_gallery_slider_type":"0","REAL_HOMES_gallery_slider_type":"thumb-on-right","inspiry_floor_plans":[],"inspiry_video_group":[],"REAL_HOMES_360_virtual_tour":"","REAL_HOMES_agent_display_option":"agent_info","REAL_HOMES_agents":["110"],"REAL_HOMES_energy_class":"none","REAL_HOMES_energy_performance":"","REAL_HOMES_epc_current_rating":"","REAL_HOMES_epc_potential_rating":"","ere_property_schedule_tour":"global","ere_property_schedule_time_slots":"","ere_property_schedule_description":"","REAL_HOMES_sticky":"0","inspiry_property_label":"","inspiry_property_label_color":"","inspiry_property_tax":"0","inspiry_additional_fee":"0","REAL_HOMES_attachments":[],"inspiry_property_owner_name":"","inspiry_property_owner_contact":"","inspiry_property_owner_address":"","REAL_HOMES_property_private_note":"","inspiry_message_to_reviewer":"","inspiry_global_property_template_override":"0","REAL_HOMES_add_in_slider":"no","REAL_HOMES_slider_image":[],"REAL_HOMES_page_banner_image":[],"REAL_HOMES_custom_header_display":"default","REAL_HOMES_custom_header_position":"relative","REAL_HOMES_custom_footer_display":"default"},"_links":{"self":[{"href":"https:\/\/agencebidault.immo\/index.php?rest_route=\/wp\/v2\/properties\/47529","targetHints":{"allow":["GET"]}}],"collection":[{"href":"https:\/\/agencebidault.immo\/index.php?rest_route=\/wp\/v2\/properties"}],"about":[{"href":"https:\/\/agencebidault.immo\/index.php?rest_route=\/wp\/v2\/types\/property"}],"author":[{"embeddable":true,"href":"https:\/\/agencebidault.immo\/index.php?rest_route=\/wp\/v2\/users\/1"}],"replies":[{"embeddable":true,"href":"https:\/\/agencebidault.immo\/index.php?rest_route=%2Fwp%2Fv2%2Fcomments&post=47529"}],"version-history":[{"count":14,"href":"https:\/\/agencebidault.immo\/index.php?rest_route=\/wp\/v2\/properties\/47529\/revisions"}],"predecessor-version":[{"id":49515,"href":"https:\/\/agencebidault.immo\/index.php?rest_route=\/wp\/v2\/properties\/47529\/revisions\/49515"}],"wp:featuredmedia":[{"embeddable":true,"href":"https:\/\/agencebidault.immo\/index.php?rest_route=\/wp\/v2\/media\/49514"}],"wp:attachment":[{"href":"https:\/\/agencebidault.immo\/index.php?rest_route=%2Fwp%2Fv2%2Fmedia&parent=47529"}],"wp:term":[{"taxonomy":"property-feature","embeddable":true,"href":"https:\/\/agencebidault.immo\/index.php?rest_route=%2Fwp%2Fv2%2Fcaract%C3%A9ristiques-bien&post=47529"},{"taxonomy":"property-type","embeddable":true,"href":"https:\/\/agencebidault.immo\/index.php?rest_route=%2Fwp%2Fv2%2Ftypes-bien&post=47529"},{"taxonomy":"property-city","embeddable":true,"href":"https:\/\/agencebidault.immo\/index.php?rest_route=%2Fwp%2Fv2%2Fvilles-bien&post=47529"},{"taxonomy":"property-status","embeddable":true,"href":"https:\/\/agencebidault.immo\/index.php?rest_route=%2Fwp%2Fv2%2Fstatuts-bien&post=47529"}],"curies":[{"name":"wp","href":"https:\/\/api.w.org\/{rel}","templated":true}]}}