{"id":45395,"date":"2024-07-15T20:03:54","date_gmt":"2024-07-15T18:03:54","guid":{"rendered":"https:\/\/agencebidault.immo\/?post_type=property&#038;p=45395"},"modified":"2024-10-07T18:59:29","modified_gmt":"2024-10-07T16:59:29","slug":"2391-appartement-2-3-pieces-la-celle-saint-cloud","status":"publish","type":"property","link":"https:\/\/agencebidault.immo\/?property=2391-appartement-2-3-pieces-la-celle-saint-cloud","title":{"rendered":"Appartement 2\/3 Pi\u00e8ces La Celle-Saint-Cloud"},"content":{"rendered":"<p><strong>VENDU en Octobre 2024 &#8211; L\u2019Agence Bidault Immobilier<\/strong> vous pr\u00e9sente\u00a0un <strong>appartement 2\/3 pi\u00e8ces<\/strong> <strong>(1 chambre)<\/strong> situ\u00e9 au sein de la <strong>R\u00e9sidence \u00c9lys\u00e9e II<\/strong> \u00e0 La Celle-Saint-Cloud. Cet appartement \u00e0 r\u00e9nover situ\u00e9 au premier \u00e9tage (1\/6 avec ascenseur) de <strong>55,47m2 lumineux<\/strong> avec son Salon \/ Salle \u00e0 Manger orient\u00e9 <strong>SUD-EST <\/strong>comprend : une entr\u00e9e (5m2) avec ses grands rangements, <strong>un beau double s\u00e9jour <\/strong>(22m2) donnant sur un balcon en enfilade (possibilit\u00e9 deuxi\u00e8me chambre), une cuisine s\u00e9par\u00e9e (possibilit\u00e9 d&#8217;ouverture int\u00e9grale vers le s\u00e9jour), 1 chambre (11m2), une salle d&#8217;eau, 1 wc s\u00e9par\u00e9. <strong>HUISSERIES DOUBLE VITRAGE ET VOLETS ELECTRIQUES<\/strong> dans tout l&#8217;appartement. <strong>Travaux \u00e0 pr\u00e9voir.<\/strong> Une<strong> CAVE<\/strong> dans le m\u00eame b\u00e2timent et un <strong>PARKING EXTERIEUR<\/strong> viennent compl\u00e9ter ce bien. Facilit\u00e9s d\u2019acc\u00e8s A86. Arr\u00eat de bus devant la r\u00e9sidence. \u00c9coles, commerces, bus (direct ligne L ou RER A) \u00e0 2 minutes. Copropri\u00e9t\u00e9 de 4119 lots (dont 1481 lots \u00e0 usage d\u2019habitation). Pas de proc\u00e9dures en cours. Les charges annuelles sont d&#8217;environ 3250\u20ac. Les charges comprennent l\u2019eau froide, l\u2019eau chaude, le gaz, le chauffage, l\u2019entretien de l\u2019immeuble (Fonds Travaux Loi Alur et Gros Travaux), les espaces verts, le gardien 24\/24, l\u2019usage de la piscine, la s\u00e9curit\u00e9. Les informations sur les risques auxquels ce bien est expos\u00e9 sont disponibles sur le site G\u00e9orisques : www.georisques.gouv.fr. Pour plus d\u2019informations et organiser une visite, contactez-nous ! <strong><em>Vos Projets ont une Adresse\u2026<\/em><\/strong><\/p>\n<p><em><strong>Agence Bidault Immobilier<\/strong>\u00a0<\/em>\u2013 40 R\u00e9sidence Elys\u00e9e II \u2013 78170 La Celle-Saint-Cloud<\/p>\n<p>Appartement 2\/3 Pi\u00e8ces La Celle-Saint-Cloud \u2013 <strong>R\u00e9f\u00e9rence Annonce: 2391<\/strong><\/p>\n<hr \/>\n<p><strong>Prix : 215.000\u20ac <\/strong>(Honoraires \u00e0 la charge de l&#8217;acqu\u00e9reur)<\/p>\n<p>Prix du bien hors honoraires : 204.762\u20ac &#8211; Montant d&#8217;honoraires : 10.238\u20ac<\/p>\n<p>Taux d&#8217;honoraires : <strong>5%\u00a0<\/strong><\/p>\n<hr \/>\n<h5>Bilans Energ\u00e9tiques<\/h5>\n<p><img fetchpriority=\"high\" decoding=\"async\" class=\"alignnone wp-image-45430\" src=\"https:\/\/agencebidault.immo\/wp-content\/uploads\/2024\/07\/image-3.png\" alt=\"\" width=\"355\" height=\"355\" srcset=\"https:\/\/agencebidault.immo\/wp-content\/uploads\/2024\/07\/image-3.png 600w, https:\/\/agencebidault.immo\/wp-content\/uploads\/2024\/07\/image-3-300x300.png 300w, https:\/\/agencebidault.immo\/wp-content\/uploads\/2024\/07\/image-3-150x150.png 150w, https:\/\/agencebidault.immo\/wp-content\/uploads\/2024\/07\/image-3-210x210.png 210w\" sizes=\"(max-width: 355px) 100vw, 355px\" \/> <img decoding=\"async\" class=\"alignnone wp-image-45431\" src=\"https:\/\/agencebidault.immo\/wp-content\/uploads\/2024\/07\/image-1-2.png\" alt=\"\" width=\"355\" height=\"355\" srcset=\"https:\/\/agencebidault.immo\/wp-content\/uploads\/2024\/07\/image-1-2.png 600w, https:\/\/agencebidault.immo\/wp-content\/uploads\/2024\/07\/image-1-2-300x300.png 300w, https:\/\/agencebidault.immo\/wp-content\/uploads\/2024\/07\/image-1-2-150x150.png 150w, https:\/\/agencebidault.immo\/wp-content\/uploads\/2024\/07\/image-1-2-210x210.png 210w\" sizes=\"(max-width: 355px) 100vw, 355px\" \/><\/p>\n<p><img decoding=\"async\" class=\"alignnone wp-image-45465\" src=\"https:\/\/agencebidault.immo\/wp-content\/uploads\/2024\/07\/EST-1.jpg\" alt=\"\" width=\"713\" height=\"146\" srcset=\"https:\/\/agencebidault.immo\/wp-content\/uploads\/2024\/07\/EST-1.jpg 2278w, https:\/\/agencebidault.immo\/wp-content\/uploads\/2024\/07\/EST-1-300x61.jpg 300w, https:\/\/agencebidault.immo\/wp-content\/uploads\/2024\/07\/EST-1-1024x209.jpg 1024w, https:\/\/agencebidault.immo\/wp-content\/uploads\/2024\/07\/EST-1-768x157.jpg 768w, https:\/\/agencebidault.immo\/wp-content\/uploads\/2024\/07\/EST-1-1536x314.jpg 1536w, https:\/\/agencebidault.immo\/wp-content\/uploads\/2024\/07\/EST-1-2048x419.jpg 2048w, https:\/\/agencebidault.immo\/wp-content\/uploads\/2024\/07\/EST-1-150x31.jpg 150w\" sizes=\"(max-width: 713px) 100vw, 713px\" \/><\/p>\n","protected":false},"excerpt":{"rendered":"<p>VENDU en Octobre 2024 &#8211; L\u2019Agence Bidault Immobilier vous pr\u00e9sente\u00a0un appartement 2\/3 pi\u00e8ces (1 chambre) situ\u00e9 au sein de la R\u00e9sidence \u00c9lys\u00e9e II \u00e0 La Celle-Saint-Cloud. Cet appartement \u00e0 r\u00e9nover situ\u00e9 au premier \u00e9tage (1\/6 avec ascenseur) de 55,47m2 lumineux avec son Salon \/ Salle \u00e0 Manger orient\u00e9 SUD-EST comprend : une entr\u00e9e (5m2) avec&#8230;<\/p>\n","protected":false},"author":1,"featured_media":45976,"parent":0,"menu_order":0,"comment_status":"closed","ping_status":"closed","template":"","caract\u00e9ristiques-bien":[],"types-bien":[56],"villes-bien":[],"statuts-bien":[73],"class_list":["post-45395","property","type-property","status-publish","has-post-thumbnail","hentry","property-type-appartement","property-status-vendu"],"property_meta":{"REAL_HOMES_property_price":"215000","REAL_HOMES_property_old_price":"","REAL_HOMES_property_price_prefix":"","REAL_HOMES_property_price_postfix":"","REAL_HOMES_property_size":"55","REAL_HOMES_property_size_postfix":"m2","REAL_HOMES_property_lot_size":"","REAL_HOMES_property_lot_size_postfix":"","REAL_HOMES_property_bedrooms":"1","REAL_HOMES_property_bathrooms":"1","REAL_HOMES_property_garage":"1","REAL_HOMES_property_id":"2391","REAL_HOMES_property_year_built":"1965","REAL_HOMES_featured":"0","REAL_HOMES_additional_details_list":[["Ville","La Celle-Saint-Cloud"],["Code Postal","78170"],["R\u00e9sidence","Elys\u00e9e 2"],["Nombre de pi\u00e8ces","2\/3 Pi\u00e8ces"],["Etage","1\/6"],["Ascenseur","Oui"],["Superficie totale","55,47m2"],["Nombre de chambre","1"],["S\u00e9jour","Oui - 22m2"],["Entr\u00e9e","Oui - Avec rangements"],["Cuisine","S\u00e9par\u00e9e - Possibilit\u00e9 d'ouverture int\u00e9grale"],["Nombre de salle de bain","1"],["Nombre de wc","1-S\u00e9par\u00e9"],["Huisseries","Double Vitrage - (dans tout l'appartement)"],["Volets","Oui - Electriques"],["Type Chauffage","Gaz - Collectif - Sol & Plafond"],["Cave","Oui - 1"],["Parking Ext\u00e9rieur","Oui - 1"],["Gardien","Oui - 24h\/24h"],["Piscine","Oui"],["Tennis","Oui - Municipaux"],["Bien en copropri\u00e9t\u00e9","Oui"],["Nombre de Lots","4119 Lots"],["Ann\u00e9e de construction","1965"],["Proc\u00e9dures en cours","Non"]],"REAL_HOMES_property_location":{"latitude":"48.8620186","longitude":"2.1493858353181","zoom":"0"},"REAL_HOMES_property_address":"R\u00e9sidence \u00c9lys\u00e9e 2, La Celle-Saint-Cloud, Versailles, Yvelines, \u00cele-de-France, France m\u00e9tropolitaine, 78170, France","REAL_HOMES_property_map":"0","REAL_HOMES_property_images":[{"width":150,"height":150,"file":"2024\/07\/SMEVEND.jpg","filesize":1809154,"sizes":{"medium":{"file":"SMEVEND-300x225.jpg","width":300,"height":225,"mime-type":"image\/jpeg","filesize":34218,"url":"https:\/\/agencebidault.immo\/wp-content\/uploads\/2024\/07\/SMEVEND-300x225.jpg"},"large":{"file":"SMEVEND-1024x768.jpg","width":1024,"height":768,"mime-type":"image\/jpeg","filesize":170628,"url":"https:\/\/agencebidault.immo\/wp-content\/uploads\/2024\/07\/SMEVEND-1024x768.jpg"},"thumbnail":{"file":"SMEVEND-150x150.jpg","width":150,"height":150,"mime-type":"image\/jpeg","filesize":22131,"url":"https:\/\/agencebidault.immo\/wp-content\/uploads\/2024\/07\/SMEVEND-150x150.jpg"},"medium_large":{"file":"SMEVEND-768x576.jpg","width":768,"height":576,"mime-type":"image\/jpeg","filesize":111676,"url":"https:\/\/agencebidault.immo\/wp-content\/uploads\/2024\/07\/SMEVEND-768x576.jpg"},"1536x1536":{"file":"SMEVEND-1536x1152.jpg","width":1536,"height":1152,"mime-type":"image\/jpeg","filesize":322482,"url":"https:\/\/agencebidault.immo\/wp-content\/uploads\/2024\/07\/SMEVEND-1536x1152.jpg"},"post-thumbnail":{"file":"SMEVEND-150x113.jpg","width":150,"height":113,"mime-type":"image\/jpeg","filesize":20221,"url":"https:\/\/agencebidault.immo\/wp-content\/uploads\/2024\/07\/SMEVEND-150x113.jpg"},"modern-property-child-slider":{"file":"SMEVEND-680x510.jpg","width":680,"height":510,"mime-type":"image\/jpeg","filesize":94033,"url":"https:\/\/agencebidault.immo\/wp-content\/uploads\/2024\/07\/SMEVEND-680x510.jpg"},"property-thumb-image":{"file":"SMEVEND-488x326.jpg","width":488,"height":326,"mime-type":"image\/jpeg","filesize":56206,"url":"https:\/\/agencebidault.immo\/wp-content\/uploads\/2024\/07\/SMEVEND-488x326.jpg"},"property-detail-video-image":{"file":"SMEVEND-818x417.jpg","width":818,"height":417,"mime-type":"image\/jpeg","filesize":94869,"url":"https:\/\/agencebidault.immo\/wp-content\/uploads\/2024\/07\/SMEVEND-818x417.jpg"},"agent-image":{"file":"SMEVEND-210x210.jpg","width":210,"height":210,"mime-type":"image\/jpeg","filesize":28711,"url":"https:\/\/agencebidault.immo\/wp-content\/uploads\/2024\/07\/SMEVEND-210x210.jpg"},"partners-logo":{"file":"SMEVEND-600x1536.jpg","width":600,"height":1536,"mime-type":"image\/jpeg","filesize":184217,"url":"https:\/\/agencebidault.immo\/wp-content\/uploads\/2024\/07\/SMEVEND-600x1536.jpg"},"gallery-two-column-image":{"file":"SMEVEND-536x269.jpg","width":536,"height":269,"mime-type":"image\/jpeg","filesize":53796,"url":"https:\/\/agencebidault.immo\/wp-content\/uploads\/2024\/07\/SMEVEND-536x269.jpg"},"property-detail-slider-image-two":{"file":"SMEVEND-1170x648.jpg","width":1170,"height":648,"mime-type":"image\/jpeg","filesize":168826,"url":"https:\/\/agencebidault.immo\/wp-content\/uploads\/2024\/07\/SMEVEND-1170x648.jpg"},"property-detail-slider-thumb":{"file":"SMEVEND-82x60.jpg","width":82,"height":60,"mime-type":"image\/jpeg","filesize":16116,"url":"https:\/\/agencebidault.immo\/wp-content\/uploads\/2024\/07\/SMEVEND-82x60.jpg"},"cmplz_banner_image":{"file":"SMEVEND-350x100.jpg","width":350,"height":100,"mime-type":"image\/jpeg","filesize":26351,"url":"https:\/\/agencebidault.immo\/wp-content\/uploads\/2024\/07\/SMEVEND-350x100.jpg"}},"image_meta":{"aperture":"2.2","credit":"","camera":"iPhone 15 Pro","caption":"","created_timestamp":"1721044822","copyright":"","focal_length":"2.2200000286119","iso":"320","shutter_speed":"0.016129032258065","title":"","orientation":"1","keywords":[]},"ID":"45976","name":"SMEVEND.jpg","path":"\/home\/clients\/7da1fd23fa98c5d23b5df002c9adcf11\/web\/wp-content\/uploads\/2024\/07\/SMEVEND.jpg","url":"https:\/\/agencebidault.immo\/wp-content\/uploads\/2024\/07\/SMEVEND-150x150.jpg","full_url":"https:\/\/agencebidault.immo\/wp-content\/uploads\/2024\/07\/SMEVEND.jpg","title":"R\u00e9sidence Elys\u00e9e 2 - La Celle-Saint-Cloud","caption":"Vendu en Octobre 2024 - R\u00e9sidence Elys\u00e9e 2 La Celle-Saint-Cloud","description":"R\u00e9sidence Elys\u00e9e 2 - La Celle-Saint-Cloud","alt":"R\u00e9sidence Elys\u00e9e 2 - La Celle-Saint-Cloud","srcset":"https:\/\/agencebidault.immo\/wp-content\/uploads\/2024\/07\/SMEVEND-150x150.jpg 150w, https:\/\/agencebidault.immo\/wp-content\/uploads\/2024\/07\/SMEVEND-210x210.jpg 210w"},{"width":150,"height":150,"file":"2024\/07\/SE03.jpg","filesize":1950448,"sizes":{"medium":{"file":"SE03-300x225.jpg","width":300,"height":225,"mime-type":"image\/jpeg","filesize":33347,"url":"https:\/\/agencebidault.immo\/wp-content\/uploads\/2024\/07\/SE03-300x225.jpg"},"large":{"file":"SE03-1024x768.jpg","width":1024,"height":768,"mime-type":"image\/jpeg","filesize":172756,"url":"https:\/\/agencebidault.immo\/wp-content\/uploads\/2024\/07\/SE03-1024x768.jpg"},"thumbnail":{"file":"SE03-150x150.jpg","width":150,"height":150,"mime-type":"image\/jpeg","filesize":21171,"url":"https:\/\/agencebidault.immo\/wp-content\/uploads\/2024\/07\/SE03-150x150.jpg"},"medium_large":{"file":"SE03-768x576.jpg","width":768,"height":576,"mime-type":"image\/jpeg","filesize":111146,"url":"https:\/\/agencebidault.immo\/wp-content\/uploads\/2024\/07\/SE03-768x576.jpg"},"1536x1536":{"file":"SE03-1536x1152.jpg","width":1536,"height":1152,"mime-type":"image\/jpeg","filesize":334893,"url":"https:\/\/agencebidault.immo\/wp-content\/uploads\/2024\/07\/SE03-1536x1152.jpg"},"post-thumbnail":{"file":"SE03-150x113.jpg","width":150,"height":113,"mime-type":"image\/jpeg","filesize":19610,"url":"https:\/\/agencebidault.immo\/wp-content\/uploads\/2024\/07\/SE03-150x113.jpg"},"modern-property-child-slider":{"file":"SE03-680x510.jpg","width":680,"height":510,"mime-type":"image\/jpeg","filesize":93135,"url":"https:\/\/agencebidault.immo\/wp-content\/uploads\/2024\/07\/SE03-680x510.jpg"},"property-thumb-image":{"file":"SE03-488x326.jpg","width":488,"height":326,"mime-type":"image\/jpeg","filesize":54678,"url":"https:\/\/agencebidault.immo\/wp-content\/uploads\/2024\/07\/SE03-488x326.jpg"},"property-detail-video-image":{"file":"SE03-818x417.jpg","width":818,"height":417,"mime-type":"image\/jpeg","filesize":94866,"url":"https:\/\/agencebidault.immo\/wp-content\/uploads\/2024\/07\/SE03-818x417.jpg"},"agent-image":{"file":"SE03-210x210.jpg","width":210,"height":210,"mime-type":"image\/jpeg","filesize":27531,"url":"https:\/\/agencebidault.immo\/wp-content\/uploads\/2024\/07\/SE03-210x210.jpg"},"partners-logo":{"file":"SE03-600x1536.jpg","width":600,"height":1536,"mime-type":"image\/jpeg","filesize":191751,"url":"https:\/\/agencebidault.immo\/wp-content\/uploads\/2024\/07\/SE03-600x1536.jpg"},"gallery-two-column-image":{"file":"SE03-536x269.jpg","width":536,"height":269,"mime-type":"image\/jpeg","filesize":52427,"url":"https:\/\/agencebidault.immo\/wp-content\/uploads\/2024\/07\/SE03-536x269.jpg"},"property-detail-slider-image-two":{"file":"SE03-1170x648.jpg","width":1170,"height":648,"mime-type":"image\/jpeg","filesize":173251,"url":"https:\/\/agencebidault.immo\/wp-content\/uploads\/2024\/07\/SE03-1170x648.jpg"},"property-detail-slider-thumb":{"file":"SE03-82x60.jpg","width":82,"height":60,"mime-type":"image\/jpeg","filesize":15602,"url":"https:\/\/agencebidault.immo\/wp-content\/uploads\/2024\/07\/SE03-82x60.jpg"},"cmplz_banner_image":{"file":"SE03-350x100.jpg","width":350,"height":100,"mime-type":"image\/jpeg","filesize":25089,"url":"https:\/\/agencebidault.immo\/wp-content\/uploads\/2024\/07\/SE03-350x100.jpg"}},"image_meta":{"aperture":"2.2","credit":"","camera":"iPhone 15 Pro","caption":"","created_timestamp":"1721044830","copyright":"","focal_length":"2.2200000286119","iso":"320","shutter_speed":"0.016129032258065","title":"","orientation":"1","keywords":[]},"ID":"45398","name":"SE03.jpg","path":"\/home\/clients\/7da1fd23fa98c5d23b5df002c9adcf11\/web\/wp-content\/uploads\/2024\/07\/SE03.jpg","url":"https:\/\/agencebidault.immo\/wp-content\/uploads\/2024\/07\/SE03-150x150.jpg","full_url":"https:\/\/agencebidault.immo\/wp-content\/uploads\/2024\/07\/SE03.jpg","title":"Appartement 2\/3 Pi\u00e8ces - R\u00e9sidence Elys\u00e9e 2 La Celle-Saint-Cloud","caption":"Appartement 2\/3 Pi\u00e8ces - R\u00e9sidence Elys\u00e9e 2 La Celle-Saint-Cloud","description":"Appartement 2\/3 Pi\u00e8ces - R\u00e9sidence Elys\u00e9e 2 La Celle-Saint-Cloud","alt":"Appartement 2\/3 Pi\u00e8ces - R\u00e9sidence Elys\u00e9e 2 La Celle-Saint-Cloud","srcset":"https:\/\/agencebidault.immo\/wp-content\/uploads\/2024\/07\/SE03-150x150.jpg 150w, https:\/\/agencebidault.immo\/wp-content\/uploads\/2024\/07\/SE03-210x210.jpg 210w"},{"width":150,"height":150,"file":"2024\/07\/SE04.jpg","filesize":1808612,"sizes":{"medium":{"file":"SE04-300x225.jpg","width":300,"height":225,"mime-type":"image\/jpeg","filesize":32997,"url":"https:\/\/agencebidault.immo\/wp-content\/uploads\/2024\/07\/SE04-300x225.jpg"},"large":{"file":"SE04-1024x768.jpg","width":1024,"height":768,"mime-type":"image\/jpeg","filesize":160942,"url":"https:\/\/agencebidault.immo\/wp-content\/uploads\/2024\/07\/SE04-1024x768.jpg"},"thumbnail":{"file":"SE04-150x150.jpg","width":150,"height":150,"mime-type":"image\/jpeg","filesize":21367,"url":"https:\/\/agencebidault.immo\/wp-content\/uploads\/2024\/07\/SE04-150x150.jpg"},"medium_large":{"file":"SE04-768x576.jpg","width":768,"height":576,"mime-type":"image\/jpeg","filesize":104951,"url":"https:\/\/agencebidault.immo\/wp-content\/uploads\/2024\/07\/SE04-768x576.jpg"},"1536x1536":{"file":"SE04-1536x1152.jpg","width":1536,"height":1152,"mime-type":"image\/jpeg","filesize":309568,"url":"https:\/\/agencebidault.immo\/wp-content\/uploads\/2024\/07\/SE04-1536x1152.jpg"},"post-thumbnail":{"file":"SE04-150x113.jpg","width":150,"height":113,"mime-type":"image\/jpeg","filesize":20162,"url":"https:\/\/agencebidault.immo\/wp-content\/uploads\/2024\/07\/SE04-150x113.jpg"},"modern-property-child-slider":{"file":"SE04-680x510.jpg","width":680,"height":510,"mime-type":"image\/jpeg","filesize":88356,"url":"https:\/\/agencebidault.immo\/wp-content\/uploads\/2024\/07\/SE04-680x510.jpg"},"property-thumb-image":{"file":"SE04-488x326.jpg","width":488,"height":326,"mime-type":"image\/jpeg","filesize":52768,"url":"https:\/\/agencebidault.immo\/wp-content\/uploads\/2024\/07\/SE04-488x326.jpg"},"property-detail-video-image":{"file":"SE04-818x417.jpg","width":818,"height":417,"mime-type":"image\/jpeg","filesize":89040,"url":"https:\/\/agencebidault.immo\/wp-content\/uploads\/2024\/07\/SE04-818x417.jpg"},"agent-image":{"file":"SE04-210x210.jpg","width":210,"height":210,"mime-type":"image\/jpeg","filesize":26974,"url":"https:\/\/agencebidault.immo\/wp-content\/uploads\/2024\/07\/SE04-210x210.jpg"},"partners-logo":{"file":"SE04-600x1536.jpg","width":600,"height":1536,"mime-type":"image\/jpeg","filesize":209384,"url":"https:\/\/agencebidault.immo\/wp-content\/uploads\/2024\/07\/SE04-600x1536.jpg"},"gallery-two-column-image":{"file":"SE04-536x269.jpg","width":536,"height":269,"mime-type":"image\/jpeg","filesize":50144,"url":"https:\/\/agencebidault.immo\/wp-content\/uploads\/2024\/07\/SE04-536x269.jpg"},"property-detail-slider-image-two":{"file":"SE04-1170x648.jpg","width":1170,"height":648,"mime-type":"image\/jpeg","filesize":160023,"url":"https:\/\/agencebidault.immo\/wp-content\/uploads\/2024\/07\/SE04-1170x648.jpg"},"property-detail-slider-thumb":{"file":"SE04-82x60.jpg","width":82,"height":60,"mime-type":"image\/jpeg","filesize":16395,"url":"https:\/\/agencebidault.immo\/wp-content\/uploads\/2024\/07\/SE04-82x60.jpg"},"cmplz_banner_image":{"file":"SE04-350x100.jpg","width":350,"height":100,"mime-type":"image\/jpeg","filesize":25350,"url":"https:\/\/agencebidault.immo\/wp-content\/uploads\/2024\/07\/SE04-350x100.jpg"}},"image_meta":{"aperture":"2.2","credit":"","camera":"iPhone 15 Pro","caption":"","created_timestamp":"1721044781","copyright":"","focal_length":"2.2200000286119","iso":"320","shutter_speed":"0.016666666666667","title":"","orientation":"1","keywords":[]},"ID":"45401","name":"SE04.jpg","path":"\/home\/clients\/7da1fd23fa98c5d23b5df002c9adcf11\/web\/wp-content\/uploads\/2024\/07\/SE04.jpg","url":"https:\/\/agencebidault.immo\/wp-content\/uploads\/2024\/07\/SE04-150x150.jpg","full_url":"https:\/\/agencebidault.immo\/wp-content\/uploads\/2024\/07\/SE04.jpg","title":"Appartement 2\/3 Pi\u00e8ces - R\u00e9sidence Elys\u00e9e 2 La Celle-Saint-Cloud","caption":"Appartement 2\/3 Pi\u00e8ces - R\u00e9sidence Elys\u00e9e 2 La Celle-Saint-Cloud","description":"Appartement 2\/3 Pi\u00e8ces - R\u00e9sidence Elys\u00e9e 2 La Celle-Saint-Cloud","alt":"Appartement 2\/3 Pi\u00e8ces - R\u00e9sidence Elys\u00e9e 2 La Celle-Saint-Cloud","srcset":"https:\/\/agencebidault.immo\/wp-content\/uploads\/2024\/07\/SE04-150x150.jpg 150w, https:\/\/agencebidault.immo\/wp-content\/uploads\/2024\/07\/SE04-210x210.jpg 210w"},{"width":150,"height":150,"file":"2024\/07\/SE05.jpg","filesize":2990678,"sizes":{"medium":{"file":"SE05-300x225.jpg","width":300,"height":225,"mime-type":"image\/jpeg","filesize":38648,"url":"https:\/\/agencebidault.immo\/wp-content\/uploads\/2024\/07\/SE05-300x225.jpg"},"large":{"file":"SE05-1024x768.jpg","width":1024,"height":768,"mime-type":"image\/jpeg","filesize":245749,"url":"https:\/\/agencebidault.immo\/wp-content\/uploads\/2024\/07\/SE05-1024x768.jpg"},"thumbnail":{"file":"SE05-150x150.jpg","width":150,"height":150,"mime-type":"image\/jpeg","filesize":23005,"url":"https:\/\/agencebidault.immo\/wp-content\/uploads\/2024\/07\/SE05-150x150.jpg"},"medium_large":{"file":"SE05-768x576.jpg","width":768,"height":576,"mime-type":"image\/jpeg","filesize":150146,"url":"https:\/\/agencebidault.immo\/wp-content\/uploads\/2024\/07\/SE05-768x576.jpg"},"1536x1536":{"file":"SE05-1536x1152.jpg","width":1536,"height":1152,"mime-type":"image\/jpeg","filesize":524316,"url":"https:\/\/agencebidault.immo\/wp-content\/uploads\/2024\/07\/SE05-1536x1152.jpg"},"post-thumbnail":{"file":"SE05-150x113.jpg","width":150,"height":113,"mime-type":"image\/jpeg","filesize":21312,"url":"https:\/\/agencebidault.immo\/wp-content\/uploads\/2024\/07\/SE05-150x113.jpg"},"modern-property-child-slider":{"file":"SE05-680x510.jpg","width":680,"height":510,"mime-type":"image\/jpeg","filesize":122667,"url":"https:\/\/agencebidault.immo\/wp-content\/uploads\/2024\/07\/SE05-680x510.jpg"},"property-thumb-image":{"file":"SE05-488x326.jpg","width":488,"height":326,"mime-type":"image\/jpeg","filesize":67183,"url":"https:\/\/agencebidault.immo\/wp-content\/uploads\/2024\/07\/SE05-488x326.jpg"},"property-detail-video-image":{"file":"SE05-818x417.jpg","width":818,"height":417,"mime-type":"image\/jpeg","filesize":131082,"url":"https:\/\/agencebidault.immo\/wp-content\/uploads\/2024\/07\/SE05-818x417.jpg"},"agent-image":{"file":"SE05-210x210.jpg","width":210,"height":210,"mime-type":"image\/jpeg","filesize":30440,"url":"https:\/\/agencebidault.immo\/wp-content\/uploads\/2024\/07\/SE05-210x210.jpg"},"partners-logo":{"file":"SE05-600x1536.jpg","width":600,"height":1536,"mime-type":"image\/jpeg","filesize":287436,"url":"https:\/\/agencebidault.immo\/wp-content\/uploads\/2024\/07\/SE05-600x1536.jpg"},"gallery-two-column-image":{"file":"SE05-536x269.jpg","width":536,"height":269,"mime-type":"image\/jpeg","filesize":66400,"url":"https:\/\/agencebidault.immo\/wp-content\/uploads\/2024\/07\/SE05-536x269.jpg"},"property-detail-slider-image-two":{"file":"SE05-1170x648.jpg","width":1170,"height":648,"mime-type":"image\/jpeg","filesize":256327,"url":"https:\/\/agencebidault.immo\/wp-content\/uploads\/2024\/07\/SE05-1170x648.jpg"},"property-detail-slider-thumb":{"file":"SE05-82x60.jpg","width":82,"height":60,"mime-type":"image\/jpeg","filesize":16823,"url":"https:\/\/agencebidault.immo\/wp-content\/uploads\/2024\/07\/SE05-82x60.jpg"},"cmplz_banner_image":{"file":"SE05-350x100.jpg","width":350,"height":100,"mime-type":"image\/jpeg","filesize":30353,"url":"https:\/\/agencebidault.immo\/wp-content\/uploads\/2024\/07\/SE05-350x100.jpg"}},"image_meta":{"aperture":"2.2","credit":"","camera":"iPhone 15 Pro","caption":"","created_timestamp":"1721044739","copyright":"","focal_length":"2.2200000286119","iso":"125","shutter_speed":"0.01010101010101","title":"","orientation":"1","keywords":[]},"ID":"45402","name":"SE05.jpg","path":"\/home\/clients\/7da1fd23fa98c5d23b5df002c9adcf11\/web\/wp-content\/uploads\/2024\/07\/SE05.jpg","url":"https:\/\/agencebidault.immo\/wp-content\/uploads\/2024\/07\/SE05-150x150.jpg","full_url":"https:\/\/agencebidault.immo\/wp-content\/uploads\/2024\/07\/SE05.jpg","title":"Appartement 2\/3 Pi\u00e8ces - R\u00e9sidence Elys\u00e9e 2 La Celle-Saint-Cloud","caption":"Appartement 2\/3 Pi\u00e8ces - R\u00e9sidence Elys\u00e9e 2 La Celle-Saint-Cloud","description":"Appartement 2\/3 Pi\u00e8ces - R\u00e9sidence Elys\u00e9e 2 La Celle-Saint-Cloud","alt":"Appartement 2\/3 Pi\u00e8ces - R\u00e9sidence Elys\u00e9e 2 La Celle-Saint-Cloud","srcset":"https:\/\/agencebidault.immo\/wp-content\/uploads\/2024\/07\/SE05-150x150.jpg 150w, https:\/\/agencebidault.immo\/wp-content\/uploads\/2024\/07\/SE05-210x210.jpg 210w"},{"width":150,"height":150,"file":"2024\/07\/SE06.jpg","filesize":2115970,"sizes":{"medium":{"file":"SE06-300x225.jpg","width":300,"height":225,"mime-type":"image\/jpeg","filesize":31621,"url":"https:\/\/agencebidault.immo\/wp-content\/uploads\/2024\/07\/SE06-300x225.jpg"},"large":{"file":"SE06-1024x768.jpg","width":1024,"height":768,"mime-type":"image\/jpeg","filesize":171894,"url":"https:\/\/agencebidault.immo\/wp-content\/uploads\/2024\/07\/SE06-1024x768.jpg"},"thumbnail":{"file":"SE06-150x150.jpg","width":150,"height":150,"mime-type":"image\/jpeg","filesize":19850,"url":"https:\/\/agencebidault.immo\/wp-content\/uploads\/2024\/07\/SE06-150x150.jpg"},"medium_large":{"file":"SE06-768x576.jpg","width":768,"height":576,"mime-type":"image\/jpeg","filesize":108578,"url":"https:\/\/agencebidault.immo\/wp-content\/uploads\/2024\/07\/SE06-768x576.jpg"},"1536x1536":{"file":"SE06-1536x1152.jpg","width":1536,"height":1152,"mime-type":"image\/jpeg","filesize":345142,"url":"https:\/\/agencebidault.immo\/wp-content\/uploads\/2024\/07\/SE06-1536x1152.jpg"},"post-thumbnail":{"file":"SE06-150x113.jpg","width":150,"height":113,"mime-type":"image\/jpeg","filesize":18636,"url":"https:\/\/agencebidault.immo\/wp-content\/uploads\/2024\/07\/SE06-150x113.jpg"},"modern-property-child-slider":{"file":"SE06-680x510.jpg","width":680,"height":510,"mime-type":"image\/jpeg","filesize":90536,"url":"https:\/\/agencebidault.immo\/wp-content\/uploads\/2024\/07\/SE06-680x510.jpg"},"property-thumb-image":{"file":"SE06-488x326.jpg","width":488,"height":326,"mime-type":"image\/jpeg","filesize":52564,"url":"https:\/\/agencebidault.immo\/wp-content\/uploads\/2024\/07\/SE06-488x326.jpg"},"property-detail-video-image":{"file":"SE06-818x417.jpg","width":818,"height":417,"mime-type":"image\/jpeg","filesize":96846,"url":"https:\/\/agencebidault.immo\/wp-content\/uploads\/2024\/07\/SE06-818x417.jpg"},"agent-image":{"file":"SE06-210x210.jpg","width":210,"height":210,"mime-type":"image\/jpeg","filesize":25566,"url":"https:\/\/agencebidault.immo\/wp-content\/uploads\/2024\/07\/SE06-210x210.jpg"},"partners-logo":{"file":"SE06-600x1536.jpg","width":600,"height":1536,"mime-type":"image\/jpeg","filesize":192135,"url":"https:\/\/agencebidault.immo\/wp-content\/uploads\/2024\/07\/SE06-600x1536.jpg"},"gallery-two-column-image":{"file":"SE06-536x269.jpg","width":536,"height":269,"mime-type":"image\/jpeg","filesize":51822,"url":"https:\/\/agencebidault.immo\/wp-content\/uploads\/2024\/07\/SE06-536x269.jpg"},"property-detail-slider-image-two":{"file":"SE06-1170x648.jpg","width":1170,"height":648,"mime-type":"image\/jpeg","filesize":179848,"url":"https:\/\/agencebidault.immo\/wp-content\/uploads\/2024\/07\/SE06-1170x648.jpg"},"property-detail-slider-thumb":{"file":"SE06-82x60.jpg","width":82,"height":60,"mime-type":"image\/jpeg","filesize":15141,"url":"https:\/\/agencebidault.immo\/wp-content\/uploads\/2024\/07\/SE06-82x60.jpg"},"cmplz_banner_image":{"file":"SE06-350x100.jpg","width":350,"height":100,"mime-type":"image\/jpeg","filesize":25016,"url":"https:\/\/agencebidault.immo\/wp-content\/uploads\/2024\/07\/SE06-350x100.jpg"}},"image_meta":{"aperture":"2.2","credit":"","camera":"iPhone 15 Pro","caption":"","created_timestamp":"1721044506","copyright":"","focal_length":"2.2200000286119","iso":"320","shutter_speed":"0.016666666666667","title":"","orientation":"1","keywords":[]},"ID":"45403","name":"SE06.jpg","path":"\/home\/clients\/7da1fd23fa98c5d23b5df002c9adcf11\/web\/wp-content\/uploads\/2024\/07\/SE06.jpg","url":"https:\/\/agencebidault.immo\/wp-content\/uploads\/2024\/07\/SE06-150x150.jpg","full_url":"https:\/\/agencebidault.immo\/wp-content\/uploads\/2024\/07\/SE06.jpg","title":"Appartement 2\/3 Pi\u00e8ces - R\u00e9sidence Elys\u00e9e 2 La Celle-Saint-Cloud","caption":"Appartement 2\/3 Pi\u00e8ces - R\u00e9sidence Elys\u00e9e 2 La Celle-Saint-Cloud","description":"","alt":"","srcset":"https:\/\/agencebidault.immo\/wp-content\/uploads\/2024\/07\/SE06-150x150.jpg 150w, https:\/\/agencebidault.immo\/wp-content\/uploads\/2024\/07\/SE06-210x210.jpg 210w"},{"width":150,"height":150,"file":"2024\/07\/SE07.jpg","filesize":2106410,"sizes":{"medium":{"file":"SE07-300x225.jpg","width":300,"height":225,"mime-type":"image\/jpeg","filesize":31590,"url":"https:\/\/agencebidault.immo\/wp-content\/uploads\/2024\/07\/SE07-300x225.jpg"},"large":{"file":"SE07-1024x768.jpg","width":1024,"height":768,"mime-type":"image\/jpeg","filesize":158548,"url":"https:\/\/agencebidault.immo\/wp-content\/uploads\/2024\/07\/SE07-1024x768.jpg"},"thumbnail":{"file":"SE07-150x150.jpg","width":150,"height":150,"mime-type":"image\/jpeg","filesize":20427,"url":"https:\/\/agencebidault.immo\/wp-content\/uploads\/2024\/07\/SE07-150x150.jpg"},"medium_large":{"file":"SE07-768x576.jpg","width":768,"height":576,"mime-type":"image\/jpeg","filesize":100951,"url":"https:\/\/agencebidault.immo\/wp-content\/uploads\/2024\/07\/SE07-768x576.jpg"},"1536x1536":{"file":"SE07-1536x1152.jpg","width":1536,"height":1152,"mime-type":"image\/jpeg","filesize":316280,"url":"https:\/\/agencebidault.immo\/wp-content\/uploads\/2024\/07\/SE07-1536x1152.jpg"},"post-thumbnail":{"file":"SE07-150x113.jpg","width":150,"height":113,"mime-type":"image\/jpeg","filesize":19212,"url":"https:\/\/agencebidault.immo\/wp-content\/uploads\/2024\/07\/SE07-150x113.jpg"},"modern-property-child-slider":{"file":"SE07-680x510.jpg","width":680,"height":510,"mime-type":"image\/jpeg","filesize":84749,"url":"https:\/\/agencebidault.immo\/wp-content\/uploads\/2024\/07\/SE07-680x510.jpg"},"property-thumb-image":{"file":"SE07-488x326.jpg","width":488,"height":326,"mime-type":"image\/jpeg","filesize":50997,"url":"https:\/\/agencebidault.immo\/wp-content\/uploads\/2024\/07\/SE07-488x326.jpg"},"property-detail-video-image":{"file":"SE07-818x417.jpg","width":818,"height":417,"mime-type":"image\/jpeg","filesize":85531,"url":"https:\/\/agencebidault.immo\/wp-content\/uploads\/2024\/07\/SE07-818x417.jpg"},"agent-image":{"file":"SE07-210x210.jpg","width":210,"height":210,"mime-type":"image\/jpeg","filesize":25755,"url":"https:\/\/agencebidault.immo\/wp-content\/uploads\/2024\/07\/SE07-210x210.jpg"},"partners-logo":{"file":"SE07-600x1536.jpg","width":600,"height":1536,"mime-type":"image\/jpeg","filesize":187027,"url":"https:\/\/agencebidault.immo\/wp-content\/uploads\/2024\/07\/SE07-600x1536.jpg"},"gallery-two-column-image":{"file":"SE07-536x269.jpg","width":536,"height":269,"mime-type":"image\/jpeg","filesize":47839,"url":"https:\/\/agencebidault.immo\/wp-content\/uploads\/2024\/07\/SE07-536x269.jpg"},"property-detail-slider-image-two":{"file":"SE07-1170x648.jpg","width":1170,"height":648,"mime-type":"image\/jpeg","filesize":159444,"url":"https:\/\/agencebidault.immo\/wp-content\/uploads\/2024\/07\/SE07-1170x648.jpg"},"property-detail-slider-thumb":{"file":"SE07-82x60.jpg","width":82,"height":60,"mime-type":"image\/jpeg","filesize":15404,"url":"https:\/\/agencebidault.immo\/wp-content\/uploads\/2024\/07\/SE07-82x60.jpg"},"cmplz_banner_image":{"file":"SE07-350x100.jpg","width":350,"height":100,"mime-type":"image\/jpeg","filesize":23790,"url":"https:\/\/agencebidault.immo\/wp-content\/uploads\/2024\/07\/SE07-350x100.jpg"}},"image_meta":{"aperture":"2.2","credit":"","camera":"iPhone 15 Pro","caption":"","created_timestamp":"1721044631","copyright":"","focal_length":"2.2200000286119","iso":"500","shutter_speed":"0.016666666666667","title":"","orientation":"1","keywords":[]},"ID":"45404","name":"SE07.jpg","path":"\/home\/clients\/7da1fd23fa98c5d23b5df002c9adcf11\/web\/wp-content\/uploads\/2024\/07\/SE07.jpg","url":"https:\/\/agencebidault.immo\/wp-content\/uploads\/2024\/07\/SE07-150x150.jpg","full_url":"https:\/\/agencebidault.immo\/wp-content\/uploads\/2024\/07\/SE07.jpg","title":"Appartement 2\/3 Pi\u00e8ces - R\u00e9sidence Elys\u00e9e 2 La Celle-Saint-Cloud","caption":"Appartement 2\/3 Pi\u00e8ces - R\u00e9sidence Elys\u00e9e 2 La Celle-Saint-Cloud","description":"","alt":"","srcset":"https:\/\/agencebidault.immo\/wp-content\/uploads\/2024\/07\/SE07-150x150.jpg 150w, https:\/\/agencebidault.immo\/wp-content\/uploads\/2024\/07\/SE07-210x210.jpg 210w"},{"width":150,"height":150,"file":"2024\/07\/SE01.jpg","filesize":2809606,"sizes":{"medium":{"file":"SE01-300x225.jpg","width":300,"height":225,"mime-type":"image\/jpeg","filesize":28142,"url":"https:\/\/agencebidault.immo\/wp-content\/uploads\/2024\/07\/SE01-300x225.jpg"},"large":{"file":"SE01-1024x768.jpg","width":1024,"height":768,"mime-type":"image\/jpeg","filesize":176316,"url":"https:\/\/agencebidault.immo\/wp-content\/uploads\/2024\/07\/SE01-1024x768.jpg"},"thumbnail":{"file":"SE01-150x150.jpg","width":150,"height":150,"mime-type":"image\/jpeg","filesize":17990,"url":"https:\/\/agencebidault.immo\/wp-content\/uploads\/2024\/07\/SE01-150x150.jpg"},"medium_large":{"file":"SE01-768x576.jpg","width":768,"height":576,"mime-type":"image\/jpeg","filesize":104862,"url":"https:\/\/agencebidault.immo\/wp-content\/uploads\/2024\/07\/SE01-768x576.jpg"},"1536x1536":{"file":"SE01-1536x1152.jpg","width":1536,"height":1152,"mime-type":"image\/jpeg","filesize":403826,"url":"https:\/\/agencebidault.immo\/wp-content\/uploads\/2024\/07\/SE01-1536x1152.jpg"},"post-thumbnail":{"file":"SE01-150x113.jpg","width":150,"height":113,"mime-type":"image\/jpeg","filesize":17018,"url":"https:\/\/agencebidault.immo\/wp-content\/uploads\/2024\/07\/SE01-150x113.jpg"},"modern-property-child-slider":{"file":"SE01-680x510.jpg","width":680,"height":510,"mime-type":"image\/jpeg","filesize":85559,"url":"https:\/\/agencebidault.immo\/wp-content\/uploads\/2024\/07\/SE01-680x510.jpg"},"property-thumb-image":{"file":"SE01-488x326.jpg","width":488,"height":326,"mime-type":"image\/jpeg","filesize":46994,"url":"https:\/\/agencebidault.immo\/wp-content\/uploads\/2024\/07\/SE01-488x326.jpg"},"property-detail-video-image":{"file":"SE01-818x417.jpg","width":818,"height":417,"mime-type":"image\/jpeg","filesize":83166,"url":"https:\/\/agencebidault.immo\/wp-content\/uploads\/2024\/07\/SE01-818x417.jpg"},"agent-image":{"file":"SE01-210x210.jpg","width":210,"height":210,"mime-type":"image\/jpeg","filesize":23087,"url":"https:\/\/agencebidault.immo\/wp-content\/uploads\/2024\/07\/SE01-210x210.jpg"},"partners-logo":{"file":"SE01-600x1536.jpg","width":600,"height":1536,"mime-type":"image\/jpeg","filesize":223114,"url":"https:\/\/agencebidault.immo\/wp-content\/uploads\/2024\/07\/SE01-600x1536.jpg"},"gallery-two-column-image":{"file":"SE01-536x269.jpg","width":536,"height":269,"mime-type":"image\/jpeg","filesize":44002,"url":"https:\/\/agencebidault.immo\/wp-content\/uploads\/2024\/07\/SE01-536x269.jpg"},"property-detail-slider-image-two":{"file":"SE01-1170x648.jpg","width":1170,"height":648,"mime-type":"image\/jpeg","filesize":170821,"url":"https:\/\/agencebidault.immo\/wp-content\/uploads\/2024\/07\/SE01-1170x648.jpg"},"property-detail-slider-thumb":{"file":"SE01-82x60.jpg","width":82,"height":60,"mime-type":"image\/jpeg","filesize":13933,"url":"https:\/\/agencebidault.immo\/wp-content\/uploads\/2024\/07\/SE01-82x60.jpg"},"cmplz_banner_image":{"file":"SE01-350x100.jpg","width":350,"height":100,"mime-type":"image\/jpeg","filesize":21201,"url":"https:\/\/agencebidault.immo\/wp-content\/uploads\/2024\/07\/SE01-350x100.jpg"}},"image_meta":{"aperture":"2.2","credit":"","camera":"iPhone 15 Pro","caption":"","created_timestamp":"1721045128","copyright":"","focal_length":"2.2200000286119","iso":"125","shutter_speed":"0.01010101010101","title":"","orientation":"1","keywords":[]},"ID":"45399","name":"SE01.jpg","path":"\/home\/clients\/7da1fd23fa98c5d23b5df002c9adcf11\/web\/wp-content\/uploads\/2024\/07\/SE01.jpg","url":"https:\/\/agencebidault.immo\/wp-content\/uploads\/2024\/07\/SE01-150x150.jpg","full_url":"https:\/\/agencebidault.immo\/wp-content\/uploads\/2024\/07\/SE01.jpg","title":"Appartement 2\/3 Pi\u00e8ces - R\u00e9sidence Elys\u00e9e 2 La Celle-Saint-Cloud","caption":"Appartement 2\/3 Pi\u00e8ces - R\u00e9sidence Elys\u00e9e 2 La Celle-Saint-Cloud","description":"Appartement 2\/3 Pi\u00e8ces - R\u00e9sidence Elys\u00e9e 2 La Celle-Saint-Cloud","alt":"Appartement 2\/3 Pi\u00e8ces - R\u00e9sidence Elys\u00e9e 2 La Celle-Saint-Cloud","srcset":"https:\/\/agencebidault.immo\/wp-content\/uploads\/2024\/07\/SE01-150x150.jpg 150w, https:\/\/agencebidault.immo\/wp-content\/uploads\/2024\/07\/SE01-210x210.jpg 210w"},{"width":150,"height":150,"file":"2024\/07\/SE02.jpg","filesize":1634721,"sizes":{"medium":{"file":"SE02-300x225.jpg","width":300,"height":225,"mime-type":"image\/jpeg","filesize":21357,"url":"https:\/\/agencebidault.immo\/wp-content\/uploads\/2024\/07\/SE02-300x225.jpg"},"large":{"file":"SE02-1024x768.jpg","width":1024,"height":768,"mime-type":"image\/jpeg","filesize":98245,"url":"https:\/\/agencebidault.immo\/wp-content\/uploads\/2024\/07\/SE02-1024x768.jpg"},"thumbnail":{"file":"SE02-150x150.jpg","width":150,"height":150,"mime-type":"image\/jpeg","filesize":14530,"url":"https:\/\/agencebidault.immo\/wp-content\/uploads\/2024\/07\/SE02-150x150.jpg"},"medium_large":{"file":"SE02-768x576.jpg","width":768,"height":576,"mime-type":"image\/jpeg","filesize":63816,"url":"https:\/\/agencebidault.immo\/wp-content\/uploads\/2024\/07\/SE02-768x576.jpg"},"1536x1536":{"file":"SE02-1536x1152.jpg","width":1536,"height":1152,"mime-type":"image\/jpeg","filesize":196609,"url":"https:\/\/agencebidault.immo\/wp-content\/uploads\/2024\/07\/SE02-1536x1152.jpg"},"post-thumbnail":{"file":"SE02-150x113.jpg","width":150,"height":113,"mime-type":"image\/jpeg","filesize":13820,"url":"https:\/\/agencebidault.immo\/wp-content\/uploads\/2024\/07\/SE02-150x113.jpg"},"modern-property-child-slider":{"file":"SE02-680x510.jpg","width":680,"height":510,"mime-type":"image\/jpeg","filesize":53785,"url":"https:\/\/agencebidault.immo\/wp-content\/uploads\/2024\/07\/SE02-680x510.jpg"},"property-thumb-image":{"file":"SE02-488x326.jpg","width":488,"height":326,"mime-type":"image\/jpeg","filesize":33396,"url":"https:\/\/agencebidault.immo\/wp-content\/uploads\/2024\/07\/SE02-488x326.jpg"},"property-detail-video-image":{"file":"SE02-818x417.jpg","width":818,"height":417,"mime-type":"image\/jpeg","filesize":55808,"url":"https:\/\/agencebidault.immo\/wp-content\/uploads\/2024\/07\/SE02-818x417.jpg"},"agent-image":{"file":"SE02-210x210.jpg","width":210,"height":210,"mime-type":"image\/jpeg","filesize":17998,"url":"https:\/\/agencebidault.immo\/wp-content\/uploads\/2024\/07\/SE02-210x210.jpg"},"partners-logo":{"file":"SE02-600x1536.jpg","width":600,"height":1536,"mime-type":"image\/jpeg","filesize":130301,"url":"https:\/\/agencebidault.immo\/wp-content\/uploads\/2024\/07\/SE02-600x1536.jpg"},"gallery-two-column-image":{"file":"SE02-536x269.jpg","width":536,"height":269,"mime-type":"image\/jpeg","filesize":31621,"url":"https:\/\/agencebidault.immo\/wp-content\/uploads\/2024\/07\/SE02-536x269.jpg"},"property-detail-slider-image-two":{"file":"SE02-1170x648.jpg","width":1170,"height":648,"mime-type":"image\/jpeg","filesize":101588,"url":"https:\/\/agencebidault.immo\/wp-content\/uploads\/2024\/07\/SE02-1170x648.jpg"},"property-detail-slider-thumb":{"file":"SE02-82x60.jpg","width":82,"height":60,"mime-type":"image\/jpeg","filesize":11652,"url":"https:\/\/agencebidault.immo\/wp-content\/uploads\/2024\/07\/SE02-82x60.jpg"},"cmplz_banner_image":{"file":"SE02-350x100.jpg","width":350,"height":100,"mime-type":"image\/jpeg","filesize":16520,"url":"https:\/\/agencebidault.immo\/wp-content\/uploads\/2024\/07\/SE02-350x100.jpg"}},"image_meta":{"aperture":"2.2","credit":"","camera":"iPhone 15 Pro","caption":"","created_timestamp":"1721044999","copyright":"","focal_length":"2.2200000286119","iso":"200","shutter_speed":"0.01","title":"","orientation":"1","keywords":[]},"ID":"45400","name":"SE02.jpg","path":"\/home\/clients\/7da1fd23fa98c5d23b5df002c9adcf11\/web\/wp-content\/uploads\/2024\/07\/SE02.jpg","url":"https:\/\/agencebidault.immo\/wp-content\/uploads\/2024\/07\/SE02-150x150.jpg","full_url":"https:\/\/agencebidault.immo\/wp-content\/uploads\/2024\/07\/SE02.jpg","title":"Appartement 2\/3 Pi\u00e8ces - R\u00e9sidence Elys\u00e9e 2 La Celle-Saint-Cloud","caption":"Appartement 2\/3 Pi\u00e8ces - R\u00e9sidence Elys\u00e9e 2 La Celle-Saint-Cloud","description":"Appartement 2\/3 Pi\u00e8ces - R\u00e9sidence Elys\u00e9e 2 La Celle-Saint-Cloud","alt":"Appartement 2\/3 Pi\u00e8ces - R\u00e9sidence Elys\u00e9e 2 La Celle-Saint-Cloud","srcset":"https:\/\/agencebidault.immo\/wp-content\/uploads\/2024\/07\/SE02-150x150.jpg 150w, https:\/\/agencebidault.immo\/wp-content\/uploads\/2024\/07\/SE02-210x210.jpg 210w"},{"width":150,"height":150,"file":"2024\/07\/SE08-scaled.jpg","filesize":526773,"sizes":{"medium":{"file":"SE08-270x300.jpg","width":270,"height":300,"mime-type":"image\/jpeg","filesize":24172,"url":"https:\/\/agencebidault.immo\/wp-content\/uploads\/2024\/07\/SE08-270x300.jpg"},"large":{"file":"SE08-922x1024.jpg","width":922,"height":1024,"mime-type":"image\/jpeg","filesize":122789,"url":"https:\/\/agencebidault.immo\/wp-content\/uploads\/2024\/07\/SE08-922x1024.jpg"},"thumbnail":{"file":"SE08-150x150.jpg","width":150,"height":150,"mime-type":"image\/jpeg","filesize":15364,"url":"https:\/\/agencebidault.immo\/wp-content\/uploads\/2024\/07\/SE08-150x150.jpg"},"medium_large":{"file":"SE08-768x853.jpg","width":768,"height":853,"mime-type":"image\/jpeg","filesize":93386,"url":"https:\/\/agencebidault.immo\/wp-content\/uploads\/2024\/07\/SE08-768x853.jpg"},"1536x1536":{"file":"SE08-1383x1536.jpg","width":1383,"height":1536,"mime-type":"image\/jpeg","filesize":236180,"url":"https:\/\/agencebidault.immo\/wp-content\/uploads\/2024\/07\/SE08-1383x1536.jpg"},"2048x2048":{"file":"SE08-1844x2048.jpg","width":1844,"height":2048,"mime-type":"image\/jpeg","filesize":374999,"url":"https:\/\/agencebidault.immo\/wp-content\/uploads\/2024\/07\/SE08-1844x2048.jpg"},"post-thumbnail":{"file":"SE08-135x150.jpg","width":135,"height":150,"mime-type":"image\/jpeg","filesize":14850,"url":"https:\/\/agencebidault.immo\/wp-content\/uploads\/2024\/07\/SE08-135x150.jpg"},"modern-property-child-slider":{"file":"SE08-680x510.jpg","width":680,"height":510,"mime-type":"image\/jpeg","filesize":63353,"url":"https:\/\/agencebidault.immo\/wp-content\/uploads\/2024\/07\/SE08-680x510.jpg"},"property-thumb-image":{"file":"SE08-488x326.jpg","width":488,"height":326,"mime-type":"image\/jpeg","filesize":39017,"url":"https:\/\/agencebidault.immo\/wp-content\/uploads\/2024\/07\/SE08-488x326.jpg"},"property-detail-video-image":{"file":"SE08-818x417.jpg","width":818,"height":417,"mime-type":"image\/jpeg","filesize":70325,"url":"https:\/\/agencebidault.immo\/wp-content\/uploads\/2024\/07\/SE08-818x417.jpg"},"agent-image":{"file":"SE08-210x210.jpg","width":210,"height":210,"mime-type":"image\/jpeg","filesize":19389,"url":"https:\/\/agencebidault.immo\/wp-content\/uploads\/2024\/07\/SE08-210x210.jpg"},"partners-logo":{"file":"SE08-600x2981.jpg","width":600,"height":2981,"mime-type":"image\/jpeg","filesize":138392,"url":"https:\/\/agencebidault.immo\/wp-content\/uploads\/2024\/07\/SE08-600x2981.jpg"},"gallery-two-column-image":{"file":"SE08-536x269.jpg","width":536,"height":269,"mime-type":"image\/jpeg","filesize":39377,"url":"https:\/\/agencebidault.immo\/wp-content\/uploads\/2024\/07\/SE08-536x269.jpg"},"property-detail-slider-image-two":{"file":"SE08-1170x648.jpg","width":1170,"height":648,"mime-type":"image\/jpeg","filesize":123899,"url":"https:\/\/agencebidault.immo\/wp-content\/uploads\/2024\/07\/SE08-1170x648.jpg"},"property-detail-slider-thumb":{"file":"SE08-82x60.jpg","width":82,"height":60,"mime-type":"image\/jpeg","filesize":11674,"url":"https:\/\/agencebidault.immo\/wp-content\/uploads\/2024\/07\/SE08-82x60.jpg"},"cmplz_banner_image":{"file":"SE08-350x100.jpg","width":350,"height":100,"mime-type":"image\/jpeg","filesize":20435,"url":"https:\/\/agencebidault.immo\/wp-content\/uploads\/2024\/07\/SE08-350x100.jpg"}},"image_meta":{"aperture":"0","credit":"","camera":"","caption":"","created_timestamp":"0","copyright":"","focal_length":"0","iso":"0","shutter_speed":"0","title":"","orientation":"1","keywords":[]},"original_image":"SE08.jpg","ID":"45405","name":"SE08-scaled.jpg","path":"\/home\/clients\/7da1fd23fa98c5d23b5df002c9adcf11\/web\/wp-content\/uploads\/2024\/07\/SE08-scaled.jpg","url":"https:\/\/agencebidault.immo\/wp-content\/uploads\/2024\/07\/SE08-150x150.jpg","full_url":"https:\/\/agencebidault.immo\/wp-content\/uploads\/2024\/07\/SE08-scaled.jpg","title":"Appartement 2\/3 Pi\u00e8ces - R\u00e9sidence Elys\u00e9e 2 La Celle-Saint-Cloud","caption":"Appartement 2\/3 Pi\u00e8ces - R\u00e9sidence Elys\u00e9e 2 La Celle-Saint-Cloud","description":"","alt":"","srcset":"https:\/\/agencebidault.immo\/wp-content\/uploads\/2024\/07\/SE08-150x150.jpg 150w, https:\/\/agencebidault.immo\/wp-content\/uploads\/2024\/07\/SE08-210x210.jpg 210w"},{"width":150,"height":150,"file":"2024\/06\/Agence-scaled.jpg","filesize":232707,"sizes":{"medium":{"file":"Agence-300x224.jpg","width":300,"height":224,"mime-type":"image\/jpeg","filesize":20381,"url":"https:\/\/agencebidault.immo\/wp-content\/uploads\/2024\/06\/Agence-300x224.jpg"},"large":{"file":"Agence-1024x765.jpg","width":1024,"height":765,"mime-type":"image\/jpeg","filesize":68971,"url":"https:\/\/agencebidault.immo\/wp-content\/uploads\/2024\/06\/Agence-1024x765.jpg"},"thumbnail":{"file":"Agence-150x150.jpg","width":150,"height":150,"mime-type":"image\/jpeg","filesize":15669,"url":"https:\/\/agencebidault.immo\/wp-content\/uploads\/2024\/06\/Agence-150x150.jpg"},"medium_large":{"file":"Agence-768x574.jpg","width":768,"height":574,"mime-type":"image\/jpeg","filesize":49475,"url":"https:\/\/agencebidault.immo\/wp-content\/uploads\/2024\/06\/Agence-768x574.jpg"},"1536x1536":{"file":"Agence-1536x1148.jpg","width":1536,"height":1148,"mime-type":"image\/jpeg","filesize":117091,"url":"https:\/\/agencebidault.immo\/wp-content\/uploads\/2024\/06\/Agence-1536x1148.jpg"},"2048x2048":{"file":"Agence-2048x1531.jpg","width":2048,"height":1531,"mime-type":"image\/jpeg","filesize":169570,"url":"https:\/\/agencebidault.immo\/wp-content\/uploads\/2024\/06\/Agence-2048x1531.jpg"},"post-thumbnail":{"file":"Agence-150x112.jpg","width":150,"height":112,"mime-type":"image\/jpeg","filesize":14538,"url":"https:\/\/agencebidault.immo\/wp-content\/uploads\/2024\/06\/Agence-150x112.jpg"},"modern-property-child-slider":{"file":"Agence-680x510.jpg","width":680,"height":510,"mime-type":"image\/jpeg","filesize":42198,"url":"https:\/\/agencebidault.immo\/wp-content\/uploads\/2024\/06\/Agence-680x510.jpg"},"property-thumb-image":{"file":"Agence-488x326.jpg","width":488,"height":326,"mime-type":"image\/jpeg","filesize":29967,"url":"https:\/\/agencebidault.immo\/wp-content\/uploads\/2024\/06\/Agence-488x326.jpg"},"property-detail-video-image":{"file":"Agence-818x417.jpg","width":818,"height":417,"mime-type":"image\/jpeg","filesize":43469,"url":"https:\/\/agencebidault.immo\/wp-content\/uploads\/2024\/06\/Agence-818x417.jpg"},"agent-image":{"file":"Agence-210x210.jpg","width":210,"height":210,"mime-type":"image\/jpeg","filesize":19244,"url":"https:\/\/agencebidault.immo\/wp-content\/uploads\/2024\/06\/Agence-210x210.jpg"},"partners-logo":{"file":"Agence-600x2106.jpg","width":600,"height":2106,"mime-type":"image\/jpeg","filesize":142898,"url":"https:\/\/agencebidault.immo\/wp-content\/uploads\/2024\/06\/Agence-600x2106.jpg"},"gallery-two-column-image":{"file":"Agence-536x269.jpg","width":536,"height":269,"mime-type":"image\/jpeg","filesize":27125,"url":"https:\/\/agencebidault.immo\/wp-content\/uploads\/2024\/06\/Agence-536x269.jpg"},"property-detail-slider-image-two":{"file":"Agence-1170x648.jpg","width":1170,"height":648,"mime-type":"image\/jpeg","filesize":69055,"url":"https:\/\/agencebidault.immo\/wp-content\/uploads\/2024\/06\/Agence-1170x648.jpg"},"property-detail-slider-thumb":{"file":"Agence-82x60.jpg","width":82,"height":60,"mime-type":"image\/jpeg","filesize":12628,"url":"https:\/\/agencebidault.immo\/wp-content\/uploads\/2024\/06\/Agence-82x60.jpg"},"cmplz_banner_image":{"file":"Agence-350x100.jpg","width":350,"height":100,"mime-type":"image\/jpeg","filesize":15739,"url":"https:\/\/agencebidault.immo\/wp-content\/uploads\/2024\/06\/Agence-350x100.jpg"}},"image_meta":{"aperture":"0","credit":"","camera":"","caption":"","created_timestamp":"0","copyright":"","focal_length":"0","iso":"0","shutter_speed":"0","title":"","orientation":"1","keywords":[]},"original_image":"Agence.jpg","ID":"45113","name":"Agence-scaled.jpg","path":"\/home\/clients\/7da1fd23fa98c5d23b5df002c9adcf11\/web\/wp-content\/uploads\/2024\/06\/Agence-scaled.jpg","url":"https:\/\/agencebidault.immo\/wp-content\/uploads\/2024\/06\/Agence-150x150.jpg","full_url":"https:\/\/agencebidault.immo\/wp-content\/uploads\/2024\/06\/Agence-scaled.jpg","title":"Agence Bidault Immobilier - R\u00e9sidence Elys\u00e9e 2","caption":"Agence Bidault Immobilier - R\u00e9sidence Elys\u00e9e 2 ","description":"Agence Bidault Immobilier - R\u00e9sidence Elys\u00e9e 2 ","alt":"Agence Bidault Immobilier - R\u00e9sidence Elys\u00e9e 2","srcset":"https:\/\/agencebidault.immo\/wp-content\/uploads\/2024\/06\/Agence-150x150.jpg 150w, https:\/\/agencebidault.immo\/wp-content\/uploads\/2024\/06\/Agence-210x210.jpg 210w"}],"REAL_HOMES_change_gallery_slider_type":"0","REAL_HOMES_gallery_slider_type":"thumb-on-right","inspiry_floor_plans":[],"inspiry_video_group":[],"REAL_HOMES_360_virtual_tour":"","REAL_HOMES_agent_display_option":"agent_info","REAL_HOMES_agents":["110"],"REAL_HOMES_energy_class":"none","REAL_HOMES_energy_performance":"","REAL_HOMES_epc_current_rating":"","REAL_HOMES_epc_potential_rating":"","ere_property_schedule_tour":"global","ere_property_schedule_time_slots":"","ere_property_schedule_description":"","REAL_HOMES_sticky":"0","inspiry_property_label":"","inspiry_property_label_color":"","inspiry_property_tax":"0","inspiry_additional_fee":"0","REAL_HOMES_attachments":[],"inspiry_property_owner_name":"","inspiry_property_owner_contact":"","inspiry_property_owner_address":"","REAL_HOMES_property_private_note":"","inspiry_message_to_reviewer":"","inspiry_global_property_template_override":"0","REAL_HOMES_add_in_slider":"no","REAL_HOMES_slider_image":[],"REAL_HOMES_page_banner_image":[],"REAL_HOMES_custom_header_display":"default","REAL_HOMES_custom_header_position":"relative","REAL_HOMES_custom_footer_display":"default"},"_links":{"self":[{"href":"https:\/\/agencebidault.immo\/index.php?rest_route=\/wp\/v2\/properties\/45395","targetHints":{"allow":["GET"]}}],"collection":[{"href":"https:\/\/agencebidault.immo\/index.php?rest_route=\/wp\/v2\/properties"}],"about":[{"href":"https:\/\/agencebidault.immo\/index.php?rest_route=\/wp\/v2\/types\/property"}],"author":[{"embeddable":true,"href":"https:\/\/agencebidault.immo\/index.php?rest_route=\/wp\/v2\/users\/1"}],"replies":[{"embeddable":true,"href":"https:\/\/agencebidault.immo\/index.php?rest_route=%2Fwp%2Fv2%2Fcomments&post=45395"}],"version-history":[{"count":9,"href":"https:\/\/agencebidault.immo\/index.php?rest_route=\/wp\/v2\/properties\/45395\/revisions"}],"predecessor-version":[{"id":45977,"href":"https:\/\/agencebidault.immo\/index.php?rest_route=\/wp\/v2\/properties\/45395\/revisions\/45977"}],"wp:featuredmedia":[{"embeddable":true,"href":"https:\/\/agencebidault.immo\/index.php?rest_route=\/wp\/v2\/media\/45976"}],"wp:attachment":[{"href":"https:\/\/agencebidault.immo\/index.php?rest_route=%2Fwp%2Fv2%2Fmedia&parent=45395"}],"wp:term":[{"taxonomy":"property-feature","embeddable":true,"href":"https:\/\/agencebidault.immo\/index.php?rest_route=%2Fwp%2Fv2%2Fcaract%C3%A9ristiques-bien&post=45395"},{"taxonomy":"property-type","embeddable":true,"href":"https:\/\/agencebidault.immo\/index.php?rest_route=%2Fwp%2Fv2%2Ftypes-bien&post=45395"},{"taxonomy":"property-city","embeddable":true,"href":"https:\/\/agencebidault.immo\/index.php?rest_route=%2Fwp%2Fv2%2Fvilles-bien&post=45395"},{"taxonomy":"property-status","embeddable":true,"href":"https:\/\/agencebidault.immo\/index.php?rest_route=%2Fwp%2Fv2%2Fstatuts-bien&post=45395"}],"curies":[{"name":"wp","href":"https:\/\/api.w.org\/{rel}","templated":true}]}}